{"id":999,"date":"2022-11-02T10:16:39","date_gmt":"2022-11-02T08:16:39","guid":{"rendered":"https:\/\/www.marko-helmets.com\/blog\/?page_id=999"},"modified":"2023-08-28T09:21:58","modified_gmt":"2023-08-28T07:21:58","slug":"gamme-classique","status":"publish","type":"page","link":"https:\/\/www.marko-helmets.com\/blog\/accueil\/les-casques-moto\/gamme-classique\/","title":{"rendered":"Gamme Classique"},"content":{"rendered":"\n<p><\/p>\n\n\n\n<div class=\"wp-block-media-text alignwide is-image-fill\" style=\"grid-template-columns:44% auto\"><figure class=\"wp-block-media-text__media\" style=\"background-image:url(https:\/\/www.marko-helmets.com\/blog\/wp-content\/uploads\/2023\/08\/Copie-de-blog-casque-m-carbon-2000-\u00d7-1333-px-1024x682.png);background-position:39.402960782027364% 20.5596923828125%\"><img loading=\"lazy\" decoding=\"async\" width=\"1024\" height=\"682\" src=\"https:\/\/www.marko-helmets.com\/blog\/wp-content\/uploads\/2023\/08\/Copie-de-blog-casque-m-carbon-2000-\u00d7-1333-px-1024x682.png\" alt=\"\" class=\"wp-image-1312\" srcset=\"https:\/\/www.marko-helmets.com\/blog\/wp-content\/uploads\/2023\/08\/Copie-de-blog-casque-m-carbon-2000-\u00d7-1333-px-1024x682.png 1024w, https:\/\/www.marko-helmets.com\/blog\/wp-content\/uploads\/2023\/08\/Copie-de-blog-casque-m-carbon-2000-\u00d7-1333-px-300x200.png 300w, https:\/\/www.marko-helmets.com\/blog\/wp-content\/uploads\/2023\/08\/Copie-de-blog-casque-m-carbon-2000-\u00d7-1333-px-768x512.png 768w, https:\/\/www.marko-helmets.com\/blog\/wp-content\/uploads\/2023\/08\/Copie-de-blog-casque-m-carbon-2000-\u00d7-1333-px-1536x1024.png 1536w, https:\/\/www.marko-helmets.com\/blog\/wp-content\/uploads\/2023\/08\/Copie-de-blog-casque-m-carbon-2000-\u00d7-1333-px-1080x720.png 1080w, https:\/\/www.marko-helmets.com\/blog\/wp-content\/uploads\/2023\/08\/Copie-de-blog-casque-m-carbon-2000-\u00d7-1333-px.png 2000w\" sizes=\"auto, (max-width: 1024px) 100vw, 1024px\" \/><\/figure><div class=\"wp-block-media-text__content\">\n<h2 class=\"wp-block-heading\"><a href=\"https:\/\/www.marko-helmets.com\/blog\/accueil\/les-casques-moto\/gamme-classique\/le-casque-dark-side\/\" target=\"_blank\" rel=\"noreferrer noopener\" aria-label=\"Le casque Dark Side (s\u2019ouvre dans un nouvel onglet)\">Le casque Dark Side<\/a><\/h2>\n\n\n\n<p> Le Dark Side nouveaut\u00e9 2023 ! C\u2019est un casque int\u00e9gral&nbsp;n\u00e9o-r\u00e9tro, avec un look unique et des lignes \u00e9pur\u00e9es. Le casque est fabriqu\u00e9 avec une coque&nbsp;en fibres composite ou en carbone. Sa visi\u00e8re fum\u00e9e et longue lui permet d&rsquo;avoir un style quine laisse personne indiff\u00e9rent et ainsi casser les codes !&nbsp; <\/p>\n<\/div><\/div>\n\n\n\n<hr class=\"wp-block-separator is-style-wide\"\/>\n\n\n\n<div class=\"wp-block-media-text alignfull is-image-fill\" style=\"grid-template-columns:45% auto\"><figure class=\"wp-block-media-text__media\" style=\"background-image:url(https:\/\/www.marko-helmets.com\/blog\/wp-content\/uploads\/2022\/09\/fullmoon-markohelmets-credit-rawcollectif-casque-moto-scooter-00031-4-1024x682.jpg);background-position:35.4228612795398% 54.141781935051306%\"><img loading=\"lazy\" decoding=\"async\" width=\"1024\" height=\"682\" src=\"https:\/\/www.marko-helmets.com\/blog\/wp-content\/uploads\/2022\/09\/fullmoon-markohelmets-credit-rawcollectif-casque-moto-scooter-00031-4-1024x682.jpg\" alt=\"\" class=\"wp-image-767\" srcset=\"https:\/\/www.marko-helmets.com\/blog\/wp-content\/uploads\/2022\/09\/fullmoon-markohelmets-credit-rawcollectif-casque-moto-scooter-00031-4-1024x682.jpg 1024w, https:\/\/www.marko-helmets.com\/blog\/wp-content\/uploads\/2022\/09\/fullmoon-markohelmets-credit-rawcollectif-casque-moto-scooter-00031-4-300x200.jpg 300w, https:\/\/www.marko-helmets.com\/blog\/wp-content\/uploads\/2022\/09\/fullmoon-markohelmets-credit-rawcollectif-casque-moto-scooter-00031-4-768x512.jpg 768w, https:\/\/www.marko-helmets.com\/blog\/wp-content\/uploads\/2022\/09\/fullmoon-markohelmets-credit-rawcollectif-casque-moto-scooter-00031-4-1536x1024.jpg 1536w, https:\/\/www.marko-helmets.com\/blog\/wp-content\/uploads\/2022\/09\/fullmoon-markohelmets-credit-rawcollectif-casque-moto-scooter-00031-4-1080x720.jpg 1080w, https:\/\/www.marko-helmets.com\/blog\/wp-content\/uploads\/2022\/09\/fullmoon-markohelmets-credit-rawcollectif-casque-moto-scooter-00031-4.jpg 2000w\" sizes=\"auto, (max-width: 1024px) 100vw, 1024px\" \/><\/figure><div class=\"wp-block-media-text__content\">\n<h2 class=\"wp-block-heading\"><a href=\"https:\/\/www.marko-helmets.com\/blog\/accueil\/les-casques-moto\/gamme-classique\/le-casque-full-moon\/\">Le casque Full Moon<\/a><\/h2>\n\n\n\n<p> Le&nbsp;casque Full Moon, inspir\u00e9 des casques int\u00e9graux des ann\u00e9es 60, est fabriqu\u00e9 avec une coque en fibre de verre et une mentonni\u00e8re fine et basse. <\/p>\n<\/div><\/div>\n\n\n\n<hr class=\"wp-block-separator is-style-wide\"\/>\n\n\n\n<div class=\"wp-block-media-text alignfull is-image-fill\" style=\"grid-template-columns:45% auto\"><figure class=\"wp-block-media-text__media\" style=\"background-image:url(https:\/\/www.marko-helmets.com\/blog\/wp-content\/uploads\/2022\/09\/Clmt-0831-Ps-1-1-1024x683.jpg);background-position:50% 50%\"><img loading=\"lazy\" decoding=\"async\" width=\"1024\" height=\"683\" src=\"https:\/\/www.marko-helmets.com\/blog\/wp-content\/uploads\/2022\/09\/Clmt-0831-Ps-1-1-1024x683.jpg\" alt=\"\" class=\"wp-image-811\" srcset=\"https:\/\/www.marko-helmets.com\/blog\/wp-content\/uploads\/2022\/09\/Clmt-0831-Ps-1-1-1024x683.jpg 1024w, https:\/\/www.marko-helmets.com\/blog\/wp-content\/uploads\/2022\/09\/Clmt-0831-Ps-1-1-300x200.jpg 300w, https:\/\/www.marko-helmets.com\/blog\/wp-content\/uploads\/2022\/09\/Clmt-0831-Ps-1-1-768x512.jpg 768w, https:\/\/www.marko-helmets.com\/blog\/wp-content\/uploads\/2022\/09\/Clmt-0831-Ps-1-1-1536x1024.jpg 1536w, https:\/\/www.marko-helmets.com\/blog\/wp-content\/uploads\/2022\/09\/Clmt-0831-Ps-1-1-2048x1366.jpg 2048w, https:\/\/www.marko-helmets.com\/blog\/wp-content\/uploads\/2022\/09\/Clmt-0831-Ps-1-1-1080x720.jpg 1080w\" sizes=\"auto, (max-width: 1024px) 100vw, 1024px\" \/><\/figure><div class=\"wp-block-media-text__content\">\n<h2 class=\"wp-block-heading\"><a href=\"https:\/\/www.marko-helmets.com\/blog\/accueil\/les-casques-moto\/gamme-classique\/le-casque-jet-the-classic\/\">Le casque The Classic<\/a><\/h2>\n\n\n\n<p> Le&nbsp;casque jet The Classic<a rel=\"noreferrer noopener\" href=\"https:\/\/marko-helmets.com\/content\/11-casque-jet-vintage-moto\" target=\"_blank\">&nbsp;<\/a>adopte un style vintage dans le pure esprit caf\u00e9 racer, bobber et scrambler. Cette forme de casque intemporelle, distinctive et particuli\u00e8rement \u00e9quilibr\u00e9e a \u00e9t\u00e9 largement am\u00e9lior\u00e9e gr\u00e2ce \u00e0 5 tailles de coque <\/p>\n<\/div><\/div>\n\n\n\n<hr class=\"wp-block-separator is-style-wide\"\/>\n\n\n\n<div class=\"wp-block-media-text alignfull is-image-fill\" style=\"grid-template-columns:45% auto\"><figure class=\"wp-block-media-text__media\" style=\"background-image:url(https:\/\/www.marko-helmets.com\/blog\/wp-content\/uploads\/2022\/11\/boreal-markohelmets-credit-rawcollectif-beesmart-beeetsmart-casque-jet-vintage-00007-1024x683.jpg);background-position:50% 50%\"><img loading=\"lazy\" decoding=\"async\" width=\"1024\" height=\"683\" src=\"https:\/\/www.marko-helmets.com\/blog\/wp-content\/uploads\/2022\/11\/boreal-markohelmets-credit-rawcollectif-beesmart-beeetsmart-casque-jet-vintage-00007-1024x683.jpg\" alt=\"\" class=\"wp-image-1030\" srcset=\"https:\/\/www.marko-helmets.com\/blog\/wp-content\/uploads\/2022\/11\/boreal-markohelmets-credit-rawcollectif-beesmart-beeetsmart-casque-jet-vintage-00007-1024x683.jpg 1024w, https:\/\/www.marko-helmets.com\/blog\/wp-content\/uploads\/2022\/11\/boreal-markohelmets-credit-rawcollectif-beesmart-beeetsmart-casque-jet-vintage-00007-300x200.jpg 300w, https:\/\/www.marko-helmets.com\/blog\/wp-content\/uploads\/2022\/11\/boreal-markohelmets-credit-rawcollectif-beesmart-beeetsmart-casque-jet-vintage-00007-768x512.jpg 768w, https:\/\/www.marko-helmets.com\/blog\/wp-content\/uploads\/2022\/11\/boreal-markohelmets-credit-rawcollectif-beesmart-beeetsmart-casque-jet-vintage-00007-1536x1025.jpg 1536w, https:\/\/www.marko-helmets.com\/blog\/wp-content\/uploads\/2022\/11\/boreal-markohelmets-credit-rawcollectif-beesmart-beeetsmart-casque-jet-vintage-00007-1080x720.jpg 1080w, https:\/\/www.marko-helmets.com\/blog\/wp-content\/uploads\/2022\/11\/boreal-markohelmets-credit-rawcollectif-beesmart-beeetsmart-casque-jet-vintage-00007.jpg 2000w\" sizes=\"auto, (max-width: 1024px) 100vw, 1024px\" \/><\/figure><div class=\"wp-block-media-text__content\">\n<h2 class=\"wp-block-heading\"><a href=\"https:\/\/www.marko-helmets.com\/blog\/accueil\/les-casques-moto\/gamme-classique\/casque-marko-boreal\/\">Le casque Bor\u00e9al<\/a><\/h2>\n\n\n\n<p>N\u00e9 de la tendance n\u00e9o-r\u00e9tro, d\u2019un fort besoin de libert\u00e9 et d\u2019aventure. Ses lignes \u00e9pur\u00e9es et son format tr\u00e8s compact positionnent le Bor\u00e9al comme un incontournable du genre. Outre son design sobre, le Bor\u00e9al se d\u00e9marque par son caract\u00e8re pratique et modulable. <\/p>\n<\/div><\/div>\n\n\n\n<hr class=\"wp-block-separator is-style-wide\"\/>\n\n\n\n<div class=\"wp-block-media-text alignfull is-image-fill\" style=\"grid-template-columns:45% auto\"><figure class=\"wp-block-media-text__media\" style=\"background-image:url(https:\/\/www.marko-helmets.com\/blog\/wp-content\/uploads\/2022\/11\/hera2-markohelmets-credit-alexrosu-casque-moto-scooter-00012-1024x1019.jpeg);background-position:50% 50%\"><img loading=\"lazy\" decoding=\"async\" width=\"1024\" height=\"1019\" src=\"https:\/\/www.marko-helmets.com\/blog\/wp-content\/uploads\/2022\/11\/hera2-markohelmets-credit-alexrosu-casque-moto-scooter-00012-1024x1019.jpeg\" alt=\"\" class=\"wp-image-1031\" srcset=\"https:\/\/www.marko-helmets.com\/blog\/wp-content\/uploads\/2022\/11\/hera2-markohelmets-credit-alexrosu-casque-moto-scooter-00012-1024x1019.jpeg 1024w, https:\/\/www.marko-helmets.com\/blog\/wp-content\/uploads\/2022\/11\/hera2-markohelmets-credit-alexrosu-casque-moto-scooter-00012-300x300.jpeg 300w, https:\/\/www.marko-helmets.com\/blog\/wp-content\/uploads\/2022\/11\/hera2-markohelmets-credit-alexrosu-casque-moto-scooter-00012-150x150.jpeg 150w, https:\/\/www.marko-helmets.com\/blog\/wp-content\/uploads\/2022\/11\/hera2-markohelmets-credit-alexrosu-casque-moto-scooter-00012-768x764.jpeg 768w, https:\/\/www.marko-helmets.com\/blog\/wp-content\/uploads\/2022\/11\/hera2-markohelmets-credit-alexrosu-casque-moto-scooter-00012-1080x1075.jpeg 1080w, https:\/\/www.marko-helmets.com\/blog\/wp-content\/uploads\/2022\/11\/hera2-markohelmets-credit-alexrosu-casque-moto-scooter-00012.jpeg 1280w\" sizes=\"auto, (max-width: 1024px) 100vw, 1024px\" \/><\/figure><div class=\"wp-block-media-text__content\">\n<h2 class=\"wp-block-heading\"><a href=\"https:\/\/www.marko-helmets.com\/blog\/accueil\/les-casques-moto\/gamme-classique\/casques-marko-hera\/\">Le casque H\u00e9ra<\/a><\/h2>\n\n\n\n<p> le casque jet HERA poss\u00e8de les&nbsp;qualit\u00e9s requises du&nbsp;casque polyvalent&nbsp;: boucles micro-m\u00e9triques pour une attache rapide et pratique, bonne insonorisation gr\u00e2ce \u00e0 la forme de ses mousses doubl\u00e9es de cuir synth\u00e9tique, visi\u00e8re longue pour prot\u00e9ger des \u00e9l\u00e9ments naturels. <\/p>\n<\/div><\/div>\n\n\n\n<hr class=\"wp-block-separator is-style-wide\"\/>\n\n\n\n<div class=\"wp-block-media-text alignfull is-image-fill\" style=\"grid-template-columns:45% auto\"><figure class=\"wp-block-media-text__media\" style=\"background-image:url(https:\/\/www.marko-helmets.com\/blog\/wp-content\/uploads\/2022\/10\/2-1-1024x819.png);background-position:51.33331298828126% 100%\"><img loading=\"lazy\" decoding=\"async\" width=\"1024\" height=\"819\" src=\"https:\/\/www.marko-helmets.com\/blog\/wp-content\/uploads\/2022\/10\/2-1-1024x819.png\" alt=\"\" class=\"wp-image-908\" srcset=\"https:\/\/www.marko-helmets.com\/blog\/wp-content\/uploads\/2022\/10\/2-1-1024x819.png 1024w, https:\/\/www.marko-helmets.com\/blog\/wp-content\/uploads\/2022\/10\/2-1-300x240.png 300w, https:\/\/www.marko-helmets.com\/blog\/wp-content\/uploads\/2022\/10\/2-1-768x614.png 768w, https:\/\/www.marko-helmets.com\/blog\/wp-content\/uploads\/2022\/10\/2-1-1536x1229.png 1536w, https:\/\/www.marko-helmets.com\/blog\/wp-content\/uploads\/2022\/10\/2-1-1080x864.png 1080w, https:\/\/www.marko-helmets.com\/blog\/wp-content\/uploads\/2022\/10\/2-1.png 2000w\" sizes=\"auto, (max-width: 1024px) 100vw, 1024px\" \/><\/figure><div class=\"wp-block-media-text__content\">\n<h2 class=\"wp-block-heading\"><a href=\"https:\/\/www.marko-helmets.com\/blog\/accueil\/les-casques-moto\/gamme-classique\/le-casque-elements\/\">Le casque El\u00e9ments<\/a><\/h2>\n\n\n\n<p> Marko Helmets&nbsp;a con\u00e7u un casque jet pour les motards et scoot\u00e9ristes adeptes de la conduite en ville mais aussi pour le passager.  Le&nbsp;casque jet El\u00e9ments&nbsp;est plus l\u00e9ger et a\u00e9r\u00e9 que la plupart des casques de moto habituels. <\/p>\n<\/div><\/div>\n","protected":false},"excerpt":{"rendered":"<p>Le casque Dark Side Le Dark Side nouveaut\u00e9 2023 ! C\u2019est un casque int\u00e9gral&nbsp;n\u00e9o-r\u00e9tro, avec un look unique et des lignes \u00e9pur\u00e9es. Le casque est fabriqu\u00e9 avec une coque&nbsp;en fibres composite ou en carbone. Sa visi\u00e8re fum\u00e9e et longue lui permet d&rsquo;avoir un style quine laisse personne indiff\u00e9rent et ainsi casser les codes !&nbsp; Le casque Full Moon Le&nbsp;casque Full Moon, inspir\u00e9 des casques int\u00e9graux des ann\u00e9es 60, est fabriqu\u00e9 avec une coque en fibre de verre et une mentonni\u00e8re fine et basse. Le casque The Classic Le&nbsp;casque jet The Classic&nbsp;adopte un style vintage dans le pure esprit caf\u00e9 racer, bobber et scrambler. Cette forme de casque intemporelle, distinctive et particuli\u00e8rement \u00e9quilibr\u00e9e a \u00e9t\u00e9 largement am\u00e9lior\u00e9e gr\u00e2ce \u00e0 5 tailles de coque Le casque Bor\u00e9al N\u00e9 de la tendance n\u00e9o-r\u00e9tro, d\u2019un fort besoin de libert\u00e9 et d\u2019aventure. Ses lignes \u00e9pur\u00e9es et son format tr\u00e8s compact positionnent le Bor\u00e9al comme un incontournable du genre. Outre son design sobre, le Bor\u00e9al se d\u00e9marque par son caract\u00e8re pratique et modulable. Le casque H\u00e9ra le casque jet HERA poss\u00e8de les&nbsp;qualit\u00e9s requises du&nbsp;casque polyvalent&nbsp;: boucles micro-m\u00e9triques pour une attache rapide et pratique, bonne insonorisation gr\u00e2ce \u00e0 la forme de ses mousses doubl\u00e9es de cuir synth\u00e9tique, [&hellip;]<\/p>\n","protected":false},"author":1,"featured_media":0,"parent":996,"menu_order":1,"comment_status":"closed","ping_status":"closed","template":"","meta":{"footnotes":""},"class_list":["post-999","page","type-page","status-publish","hentry"],"_links":{"self":[{"href":"https:\/\/www.marko-helmets.com\/blog\/wp-json\/wp\/v2\/pages\/999","targetHints":{"allow":["GET"]}}],"collection":[{"href":"https:\/\/www.marko-helmets.com\/blog\/wp-json\/wp\/v2\/pages"}],"about":[{"href":"https:\/\/www.marko-helmets.com\/blog\/wp-json\/wp\/v2\/types\/page"}],"author":[{"embeddable":true,"href":"https:\/\/www.marko-helmets.com\/blog\/wp-json\/wp\/v2\/users\/1"}],"replies":[{"embeddable":true,"href":"https:\/\/www.marko-helmets.com\/blog\/wp-json\/wp\/v2\/comments?post=999"}],"version-history":[{"count":9,"href":"https:\/\/www.marko-helmets.com\/blog\/wp-json\/wp\/v2\/pages\/999\/revisions"}],"predecessor-version":[{"id":1342,"href":"https:\/\/www.marko-helmets.com\/blog\/wp-json\/wp\/v2\/pages\/999\/revisions\/1342"}],"up":[{"embeddable":true,"href":"https:\/\/www.marko-helmets.com\/blog\/wp-json\/wp\/v2\/pages\/996"}],"wp:attachment":[{"href":"https:\/\/www.marko-helmets.com\/blog\/wp-json\/wp\/v2\/media?parent=999"}],"curies":[{"name":"wp","href":"https:\/\/api.w.org\/{rel}","templated":true}]}}