{"id":920,"date":"2022-10-21T11:40:56","date_gmt":"2022-10-21T09:40:56","guid":{"rendered":"https:\/\/www.marko-helmets.com\/blog\/?page_id=920"},"modified":"2025-01-16T16:15:38","modified_gmt":"2025-01-16T14:15:38","slug":"le-casque-grasse","status":"publish","type":"page","link":"https:\/\/www.marko-helmets.com\/blog\/accueil\/les-casques-moto\/gamme-urbaine\/le-casque-grasse\/","title":{"rendered":"Le casque Grasse"},"content":{"rendered":"\n<p><a href=\"https:\/\/marko-helmets.com\/\" target=\"_blank\" rel=\"noreferrer noopener\" aria-label=\"Marko Helmets (s\u2019ouvre dans un nouvel onglet)\">Marko Helmets<\/a> compl\u00e8te sa collection avec un casque demi-jet le Grasse. Ce casque est inspir\u00e9 de ceux des pilotes d\u2019h\u00e9licopt\u00e8res.&nbsp; Le Grasse a une forme unique, avec un design \u00e9pur\u00e9 et \u00e9l\u00e9gant.<\/p>\n\n\n\n<figure class=\"wp-block-image size-large\"><img loading=\"lazy\" decoding=\"async\" width=\"1024\" height=\"683\" src=\"https:\/\/www.marko-helmets.com\/blog\/wp-content\/uploads\/2022\/10\/Casque-Grasse-Marko-Helmets-1024x683.jpg\" alt=\"\" class=\"wp-image-921\" srcset=\"https:\/\/www.marko-helmets.com\/blog\/wp-content\/uploads\/2022\/10\/Casque-Grasse-Marko-Helmets-1024x683.jpg 1024w, https:\/\/www.marko-helmets.com\/blog\/wp-content\/uploads\/2022\/10\/Casque-Grasse-Marko-Helmets-300x200.jpg 300w, https:\/\/www.marko-helmets.com\/blog\/wp-content\/uploads\/2022\/10\/Casque-Grasse-Marko-Helmets-768x512.jpg 768w, https:\/\/www.marko-helmets.com\/blog\/wp-content\/uploads\/2022\/10\/Casque-Grasse-Marko-Helmets-1536x1024.jpg 1536w, https:\/\/www.marko-helmets.com\/blog\/wp-content\/uploads\/2022\/10\/Casque-Grasse-Marko-Helmets-2048x1365.jpg 2048w, https:\/\/www.marko-helmets.com\/blog\/wp-content\/uploads\/2022\/10\/Casque-Grasse-Marko-Helmets-1080x720.jpg 1080w\" sizes=\"auto, (max-width: 1024px) 100vw, 1024px\" \/><\/figure>\n\n\n\n<p>Ce <a href=\"https:\/\/marko-helmets.com\/content\/20-le-casque-grasse-de-marko-helmets\" target=\"_blank\" rel=\"noreferrer noopener\" aria-label=\"casque demi-jet (s\u2019ouvre dans un nouvel onglet)\">casque demi-jet<\/a> est d\u00e9di\u00e9 aux motard(e)s et scoot\u00e9ristes qui circulent principalement en zone urbaine mais qui convient \u00e9galement aux routes de campagne gr\u00e2ce \u00e0 sa technicit\u00e9. Le Grasse conserve un \u00e9quilibre naturel, gr\u00e2ce \u00e0 sa forme sp\u00e9cifique et aux mat\u00e9riaux qui le composent. Le casque est compos\u00e9 d\u2019une coque en polycarbonate et d\u2019un int\u00e9rieur en alcantara d\u00e9montable et lavable. Pour les journ\u00e9es ensoleill\u00e9es un \u00e9cran solaire est int\u00e9gr\u00e9 avec un champ de vision large pour un confort optimal. Le poids du casque a \u00e9t\u00e9 r\u00e9duit tout en apportant une protection optimale aux conducteurs.  <\/p>\n\n\n\n<figure class=\"wp-block-image size-large\"><img loading=\"lazy\" decoding=\"async\" width=\"1024\" height=\"667\" src=\"https:\/\/www.marko-helmets.com\/blog\/wp-content\/uploads\/2022\/10\/Casque-Grasse-Marko-1024x667.png\" alt=\"\" class=\"wp-image-922\" srcset=\"https:\/\/www.marko-helmets.com\/blog\/wp-content\/uploads\/2022\/10\/Casque-Grasse-Marko-1024x667.png 1024w, https:\/\/www.marko-helmets.com\/blog\/wp-content\/uploads\/2022\/10\/Casque-Grasse-Marko-300x195.png 300w, https:\/\/www.marko-helmets.com\/blog\/wp-content\/uploads\/2022\/10\/Casque-Grasse-Marko-768x500.png 768w, https:\/\/www.marko-helmets.com\/blog\/wp-content\/uploads\/2022\/10\/Casque-Grasse-Marko-1536x1001.png 1536w, https:\/\/www.marko-helmets.com\/blog\/wp-content\/uploads\/2022\/10\/Casque-Grasse-Marko-1080x704.png 1080w, https:\/\/www.marko-helmets.com\/blog\/wp-content\/uploads\/2022\/10\/Casque-Grasse-Marko.png 2000w\" sizes=\"auto, (max-width: 1024px) 100vw, 1024px\" \/><\/figure>\n\n\n\n<p>Toutes les caract\u00e9ristiques du casque Grasse permettent aux utilisateurs de garder un niveau de confort exceptionnel lors de leur trajet quotidien ou occasionnel.&nbsp;Le design du casque permet de rouler avec style. Le Grasse est disponible en 4 d\u00e9clinaisons diff\u00e9rentes intemporelles.<\/p>\n\n\n\n<h2 class=\"wp-block-heading\">Le casque Grasse &#8211; Coloris<\/h2>\n\n\n\n<p>Casque Grasse Marko &#8211; <a href=\"https:\/\/marko-helmets.com\/product-p-213-3359.html#\/1-taille-s\/124-couleur-champagne\" target=\"_blank\" rel=\"noreferrer noopener\" aria-label=\"Champagne (s\u2019ouvre dans un nouvel onglet)\">Champagne<\/a><\/p>\n\n\n\n<figure class=\"wp-block-image size-large\"><img loading=\"lazy\" decoding=\"async\" width=\"1024\" height=\"169\" src=\"https:\/\/www.marko-helmets.com\/blog\/wp-content\/uploads\/2022\/10\/Casque-Grasse-Champagne-Marko-Helmets-1024x169.png\" alt=\"\" class=\"wp-image-923\" srcset=\"https:\/\/www.marko-helmets.com\/blog\/wp-content\/uploads\/2022\/10\/Casque-Grasse-Champagne-Marko-Helmets-1024x169.png 1024w, https:\/\/www.marko-helmets.com\/blog\/wp-content\/uploads\/2022\/10\/Casque-Grasse-Champagne-Marko-Helmets-300x49.png 300w, https:\/\/www.marko-helmets.com\/blog\/wp-content\/uploads\/2022\/10\/Casque-Grasse-Champagne-Marko-Helmets-768x126.png 768w, https:\/\/www.marko-helmets.com\/blog\/wp-content\/uploads\/2022\/10\/Casque-Grasse-Champagne-Marko-Helmets-1536x253.png 1536w, https:\/\/www.marko-helmets.com\/blog\/wp-content\/uploads\/2022\/10\/Casque-Grasse-Champagne-Marko-Helmets-2048x337.png 2048w, https:\/\/www.marko-helmets.com\/blog\/wp-content\/uploads\/2022\/10\/Casque-Grasse-Champagne-Marko-Helmets-1080x178.png 1080w\" sizes=\"auto, (max-width: 1024px) 100vw, 1024px\" \/><\/figure>\n\n\n\n<p>Casque Grasse Marko &#8211; <a href=\"https:\/\/marko-helmets.com\/product-p-213-3366.html#\/3-taille-l\/123-couleur-noir_mat_marron\" target=\"_blank\" rel=\"noreferrer noopener\" aria-label=\"Black Mat (s\u2019ouvre dans un nouvel onglet)\">Black Mat<\/a><\/p>\n\n\n\n<figure class=\"wp-block-image size-large\"><img loading=\"lazy\" decoding=\"async\" width=\"1024\" height=\"166\" src=\"https:\/\/www.marko-helmets.com\/blog\/wp-content\/uploads\/2022\/10\/Casque-Grasse-Black-Mat-Marko-Helmets-1024x166.png\" alt=\"\" class=\"wp-image-924\" srcset=\"https:\/\/www.marko-helmets.com\/blog\/wp-content\/uploads\/2022\/10\/Casque-Grasse-Black-Mat-Marko-Helmets-1024x166.png 1024w, https:\/\/www.marko-helmets.com\/blog\/wp-content\/uploads\/2022\/10\/Casque-Grasse-Black-Mat-Marko-Helmets-300x49.png 300w, https:\/\/www.marko-helmets.com\/blog\/wp-content\/uploads\/2022\/10\/Casque-Grasse-Black-Mat-Marko-Helmets-768x124.png 768w, https:\/\/www.marko-helmets.com\/blog\/wp-content\/uploads\/2022\/10\/Casque-Grasse-Black-Mat-Marko-Helmets-1536x248.png 1536w, https:\/\/www.marko-helmets.com\/blog\/wp-content\/uploads\/2022\/10\/Casque-Grasse-Black-Mat-Marko-Helmets-2048x331.png 2048w, https:\/\/www.marko-helmets.com\/blog\/wp-content\/uploads\/2022\/10\/Casque-Grasse-Black-Mat-Marko-Helmets-1080x175.png 1080w\" sizes=\"auto, (max-width: 1024px) 100vw, 1024px\" \/><\/figure>\n\n\n\n<p>Casque Grasse Marko &#8211; <a href=\"https:\/\/marko-helmets.com\/product-p-213-3355.html#\/2-taille-m\/115-couleur-creme\" target=\"_blank\" rel=\"noreferrer noopener\" aria-label=\"Cream (s\u2019ouvre dans un nouvel onglet)\">Cream<\/a><\/p>\n\n\n\n<figure class=\"wp-block-image size-large\"><img loading=\"lazy\" decoding=\"async\" width=\"1024\" height=\"166\" src=\"https:\/\/www.marko-helmets.com\/blog\/wp-content\/uploads\/2022\/10\/Casque-Grasse-cream-Marko-Helmets-1024x166.png\" alt=\"\" class=\"wp-image-925\" srcset=\"https:\/\/www.marko-helmets.com\/blog\/wp-content\/uploads\/2022\/10\/Casque-Grasse-cream-Marko-Helmets-1024x166.png 1024w, https:\/\/www.marko-helmets.com\/blog\/wp-content\/uploads\/2022\/10\/Casque-Grasse-cream-Marko-Helmets-300x49.png 300w, https:\/\/www.marko-helmets.com\/blog\/wp-content\/uploads\/2022\/10\/Casque-Grasse-cream-Marko-Helmets-768x124.png 768w, https:\/\/www.marko-helmets.com\/blog\/wp-content\/uploads\/2022\/10\/Casque-Grasse-cream-Marko-Helmets-1536x248.png 1536w, https:\/\/www.marko-helmets.com\/blog\/wp-content\/uploads\/2022\/10\/Casque-Grasse-cream-Marko-Helmets-2048x331.png 2048w, https:\/\/www.marko-helmets.com\/blog\/wp-content\/uploads\/2022\/10\/Casque-Grasse-cream-Marko-Helmets-1080x175.png 1080w\" sizes=\"auto, (max-width: 1024px) 100vw, 1024px\" \/><\/figure>\n\n\n\n<p>Casque Grasse Marko &#8211; <a href=\"https:\/\/marko-helmets.com\/product-p-213-3352.html#\/26-taille-xl\/121-couleur-titanium_mat\" target=\"_blank\" rel=\"noreferrer noopener\" aria-label=\"Titanium  (s\u2019ouvre dans un nouvel onglet)\">Titanium <\/a><\/p>\n\n\n\n<figure class=\"wp-block-image size-large\"><img loading=\"lazy\" decoding=\"async\" width=\"1024\" height=\"168\" src=\"https:\/\/www.marko-helmets.com\/blog\/wp-content\/uploads\/2022\/10\/Casque-Grasse-Titanium-Marko-Helmets-1024x168.png\" alt=\"\" class=\"wp-image-926\" srcset=\"https:\/\/www.marko-helmets.com\/blog\/wp-content\/uploads\/2022\/10\/Casque-Grasse-Titanium-Marko-Helmets-1024x168.png 1024w, https:\/\/www.marko-helmets.com\/blog\/wp-content\/uploads\/2022\/10\/Casque-Grasse-Titanium-Marko-Helmets-300x49.png 300w, https:\/\/www.marko-helmets.com\/blog\/wp-content\/uploads\/2022\/10\/Casque-Grasse-Titanium-Marko-Helmets-768x126.png 768w, https:\/\/www.marko-helmets.com\/blog\/wp-content\/uploads\/2022\/10\/Casque-Grasse-Titanium-Marko-Helmets-1536x252.png 1536w, https:\/\/www.marko-helmets.com\/blog\/wp-content\/uploads\/2022\/10\/Casque-Grasse-Titanium-Marko-Helmets-2048x335.png 2048w, https:\/\/www.marko-helmets.com\/blog\/wp-content\/uploads\/2022\/10\/Casque-Grasse-Titanium-Marko-Helmets-1080x177.png 1080w\" sizes=\"auto, (max-width: 1024px) 100vw, 1024px\" \/><\/figure>\n\n\n\n<h2 class=\"wp-block-heading\">Les accessoires<\/h2>\n\n\n\n<p>Les visi\u00e8res Grasse Marko<\/p>\n\n\n\n<figure class=\"wp-block-image size-large\"><img loading=\"lazy\" decoding=\"async\" width=\"1024\" height=\"171\" src=\"https:\/\/www.marko-helmets.com\/blog\/wp-content\/uploads\/2022\/10\/Visi\u00e8res-casque-Grasse-Marko-Helmets-1024x171.png\" alt=\"\" class=\"wp-image-927\" srcset=\"https:\/\/www.marko-helmets.com\/blog\/wp-content\/uploads\/2022\/10\/Visi\u00e8res-casque-Grasse-Marko-Helmets-1024x171.png 1024w, https:\/\/www.marko-helmets.com\/blog\/wp-content\/uploads\/2022\/10\/Visi\u00e8res-casque-Grasse-Marko-Helmets-300x50.png 300w, https:\/\/www.marko-helmets.com\/blog\/wp-content\/uploads\/2022\/10\/Visi\u00e8res-casque-Grasse-Marko-Helmets-768x128.png 768w, https:\/\/www.marko-helmets.com\/blog\/wp-content\/uploads\/2022\/10\/Visi\u00e8res-casque-Grasse-Marko-Helmets-1536x256.png 1536w, https:\/\/www.marko-helmets.com\/blog\/wp-content\/uploads\/2022\/10\/Visi\u00e8res-casque-Grasse-Marko-Helmets-2048x341.png 2048w, https:\/\/www.marko-helmets.com\/blog\/wp-content\/uploads\/2022\/10\/Visi\u00e8res-casque-Grasse-Marko-Helmets-1080x180.png 1080w\" sizes=\"auto, (max-width: 1024px) 100vw, 1024px\" \/><\/figure>\n\n\n\n<h2 class=\"wp-block-heading\">Les caract\u00e9ristiques techniques du casque<\/h2>\n\n\n\n<p><strong>Tailles : <\/strong>XS \u00e0 XL.&nbsp;<\/p>\n\n\n\n<p><strong>Poids :<\/strong> 1000g ( +\/- 50g )<\/p>\n\n\n\n<p><strong>Homologation :<\/strong> ecer22-06<\/p>\n\n\n\n<ul class=\"wp-block-list\">\n<li> Coque en polycarbonate <\/li>\n\n\n\n<li> Int\u00e9rieur textile d\u00e9montable et lavable <\/li>\n\n\n\n<li> Champ de vision large <\/li>\n\n\n\n<li> \u00c9cran solaire interne r\u00e9glable permettant d\u2019\u00eatre ajustable \u00e0 tous les types de morphologies <\/li>\n\n\n\n<li> Fermeture microm\u00e9trique <\/li>\n\n\n\n<li> Livr\u00e9 avec une housse de transport et des stickers r\u00e9fl\u00e9chissants <\/li>\n<\/ul>\n\n\n\n<p><strong>Prix Public :<\/strong> 199 \u20ac<\/p>\n\n\n\n<div class=\"wp-block-button aligncenter\"><a class=\"wp-block-button__link has-background wp-element-button\" href=\"https:\/\/marko-helmets.com\/\" style=\"background-color:#c39f76\" target=\"_blank\" rel=\"noreferrer noopener\">Disponible sur marko helmets<\/a><\/div>\n","protected":false},"excerpt":{"rendered":"<p>Marko Helmets compl\u00e8te sa collection avec un casque demi-jet le Grasse. Ce casque est inspir\u00e9 de ceux des pilotes d\u2019h\u00e9licopt\u00e8res.&nbsp; Le Grasse a une forme unique, avec un design \u00e9pur\u00e9 et \u00e9l\u00e9gant. Ce casque demi-jet est d\u00e9di\u00e9 aux motard(e)s et scoot\u00e9ristes qui circulent principalement en zone urbaine mais qui convient \u00e9galement aux routes de campagne gr\u00e2ce \u00e0 sa technicit\u00e9. Le Grasse conserve un \u00e9quilibre naturel, gr\u00e2ce \u00e0 sa forme sp\u00e9cifique et aux mat\u00e9riaux qui le composent. Le casque est compos\u00e9 d\u2019une coque en polycarbonate et d\u2019un int\u00e9rieur en alcantara d\u00e9montable et lavable. Pour les journ\u00e9es ensoleill\u00e9es un \u00e9cran solaire est int\u00e9gr\u00e9 avec un champ de vision large pour un confort optimal. Le poids du casque a \u00e9t\u00e9 r\u00e9duit tout en apportant une protection optimale aux conducteurs. Toutes les caract\u00e9ristiques du casque Grasse permettent aux utilisateurs de garder un niveau de confort exceptionnel lors de leur trajet quotidien ou occasionnel.&nbsp;Le design du casque permet de rouler avec style. Le Grasse est disponible en 4 d\u00e9clinaisons diff\u00e9rentes intemporelles. Le casque Grasse &#8211; Coloris Casque Grasse Marko &#8211; Champagne Casque Grasse Marko &#8211; Black Mat Casque Grasse Marko &#8211; Cream Casque Grasse Marko &#8211; Titanium Les accessoires Les visi\u00e8res Grasse Marko Les caract\u00e9ristiques [&hellip;]<\/p>\n","protected":false},"author":1,"featured_media":0,"parent":1002,"menu_order":1,"comment_status":"closed","ping_status":"closed","template":"","meta":{"footnotes":""},"class_list":["post-920","page","type-page","status-publish","hentry"],"_links":{"self":[{"href":"https:\/\/www.marko-helmets.com\/blog\/wp-json\/wp\/v2\/pages\/920","targetHints":{"allow":["GET"]}}],"collection":[{"href":"https:\/\/www.marko-helmets.com\/blog\/wp-json\/wp\/v2\/pages"}],"about":[{"href":"https:\/\/www.marko-helmets.com\/blog\/wp-json\/wp\/v2\/types\/page"}],"author":[{"embeddable":true,"href":"https:\/\/www.marko-helmets.com\/blog\/wp-json\/wp\/v2\/users\/1"}],"replies":[{"embeddable":true,"href":"https:\/\/www.marko-helmets.com\/blog\/wp-json\/wp\/v2\/comments?post=920"}],"version-history":[{"count":4,"href":"https:\/\/www.marko-helmets.com\/blog\/wp-json\/wp\/v2\/pages\/920\/revisions"}],"predecessor-version":[{"id":1538,"href":"https:\/\/www.marko-helmets.com\/blog\/wp-json\/wp\/v2\/pages\/920\/revisions\/1538"}],"up":[{"embeddable":true,"href":"https:\/\/www.marko-helmets.com\/blog\/wp-json\/wp\/v2\/pages\/1002"}],"wp:attachment":[{"href":"https:\/\/www.marko-helmets.com\/blog\/wp-json\/wp\/v2\/media?parent=920"}],"curies":[{"name":"wp","href":"https:\/\/api.w.org\/{rel}","templated":true}]}}