{"id":807,"date":"2022-09-08T10:42:42","date_gmt":"2022-09-08T09:42:42","guid":{"rendered":"https:\/\/www.marko-helmets.com\/blog\/?page_id=807"},"modified":"2025-01-16T14:51:01","modified_gmt":"2025-01-16T12:51:01","slug":"le-casque-jet-the-classic","status":"publish","type":"page","link":"https:\/\/www.marko-helmets.com\/blog\/accueil\/les-casques-moto\/gamme-classique\/le-casque-jet-the-classic\/","title":{"rendered":"Le casque jet the Classic"},"content":{"rendered":"\n<p>Le <a href=\"https:\/\/marko-helmets.com\/content\/11-casque-jet-vintage-moto\" target=\"_blank\" rel=\"noreferrer noopener\" aria-label=\"casque jet The Classic  (s\u2019ouvre dans un nouvel onglet)\">casque jet The Classic <\/a>adopte un style vintage dans le pure esprit caf\u00e9 racer, bobber et scrambler. Cette forme de casque intemporelle, distinctive et particuli\u00e8rement \u00e9quilibr\u00e9e a \u00e9t\u00e9 largement am\u00e9lior\u00e9e gr\u00e2ce \u00e0 5 tailles de coque. La forme du casque The Classic est con\u00e7ue sp\u00e9cialement pour \u00e9pouser naturellement la forme de votre t\u00eate et \u00e9viter l&rsquo;effet t\u00eate d\u2019\u0153uf bien connu&nbsp;!<\/p>\n\n\n\n<figure class=\"wp-block-image size-large\"><img loading=\"lazy\" decoding=\"async\" width=\"1024\" height=\"683\" src=\"https:\/\/www.marko-helmets.com\/blog\/wp-content\/uploads\/2022\/09\/Clmt-0831-Ps-1-1-1024x683.jpg\" alt=\"\" class=\"wp-image-811\" srcset=\"https:\/\/www.marko-helmets.com\/blog\/wp-content\/uploads\/2022\/09\/Clmt-0831-Ps-1-1-1024x683.jpg 1024w, https:\/\/www.marko-helmets.com\/blog\/wp-content\/uploads\/2022\/09\/Clmt-0831-Ps-1-1-300x200.jpg 300w, https:\/\/www.marko-helmets.com\/blog\/wp-content\/uploads\/2022\/09\/Clmt-0831-Ps-1-1-768x512.jpg 768w, https:\/\/www.marko-helmets.com\/blog\/wp-content\/uploads\/2022\/09\/Clmt-0831-Ps-1-1-1536x1024.jpg 1536w, https:\/\/www.marko-helmets.com\/blog\/wp-content\/uploads\/2022\/09\/Clmt-0831-Ps-1-1-2048x1366.jpg 2048w, https:\/\/www.marko-helmets.com\/blog\/wp-content\/uploads\/2022\/09\/Clmt-0831-Ps-1-1-1080x720.jpg 1080w\" sizes=\"auto, (max-width: 1024px) 100vw, 1024px\" \/><\/figure>\n\n\n\n<p>L\u2019int\u00e9rieur en cuir pleine fleur de qualit\u00e9 offre un confort exceptionnel et une tr\u00e8s belle patine dans le temps. Par ailleurs, <a href=\"https:\/\/marko-helmets.com\/\" target=\"_blank\" rel=\"noreferrer noopener\" aria-label=\"Marko helmets (s\u2019ouvre dans un nouvel onglet)\">Marko helmets<\/a> souhaite offrir un casque discret, sans logo apparent et visible seulement sur la pression arri\u00e8re, estampill\u00e9e du M de Marko Helmets. <\/p>\n\n\n\n<figure class=\"wp-block-image size-large\"><img loading=\"lazy\" decoding=\"async\" width=\"1024\" height=\"534\" src=\"https:\/\/www.marko-helmets.com\/blog\/wp-content\/uploads\/2022\/09\/Casque-the-classic-marko-helmets-1-1024x534.png\" alt=\"\" class=\"wp-image-813\" srcset=\"https:\/\/www.marko-helmets.com\/blog\/wp-content\/uploads\/2022\/09\/Casque-the-classic-marko-helmets-1-1024x534.png 1024w, https:\/\/www.marko-helmets.com\/blog\/wp-content\/uploads\/2022\/09\/Casque-the-classic-marko-helmets-1-300x156.png 300w, https:\/\/www.marko-helmets.com\/blog\/wp-content\/uploads\/2022\/09\/Casque-the-classic-marko-helmets-1-768x401.png 768w, https:\/\/www.marko-helmets.com\/blog\/wp-content\/uploads\/2022\/09\/Casque-the-classic-marko-helmets-1-1536x801.png 1536w, https:\/\/www.marko-helmets.com\/blog\/wp-content\/uploads\/2022\/09\/Casque-the-classic-marko-helmets-1-1080x563.png 1080w, https:\/\/www.marko-helmets.com\/blog\/wp-content\/uploads\/2022\/09\/Casque-the-classic-marko-helmets-1.png 2000w\" sizes=\"auto, (max-width: 1024px) 100vw, 1024px\" \/><\/figure>\n\n\n\n<p> The Classic s&rsquo;adapte parfaitement avec les lunettes type aviateur ou les masques de cross vintage, gr\u00e2ce \u00e0 son accroche masque \u00e0 l\u2019arri\u00e8re. Ce mod\u00e8le est disponible dans 9 coloris avec des finitions chrome ou cuir.<\/p>\n\n\n\n<h2 class=\"wp-block-heading\">Casque The Classic &#8211; Coloris<\/h2>\n\n\n\n<p>Casque The classic Marko &#8211; Blue\/red <\/p>\n\n\n\n<figure class=\"wp-block-image size-large\"><a href=\"https:\/\/marko-helmets.com\/casque-moto-jet-the-classic-marko-helmets-p-391-6802.html#\/3-taille-l\/179-couleur-blue_red\" target=\"_blank\" rel=\"noreferrer noopener\"><img loading=\"lazy\" decoding=\"async\" width=\"1024\" height=\"142\" src=\"https:\/\/www.marko-helmets.com\/blog\/wp-content\/uploads\/2022\/09\/casque-moto-the-classic-blue-red-marko-helmets-1-1024x142.png\" alt=\"\" class=\"wp-image-815\" srcset=\"https:\/\/www.marko-helmets.com\/blog\/wp-content\/uploads\/2022\/09\/casque-moto-the-classic-blue-red-marko-helmets-1-1024x142.png 1024w, https:\/\/www.marko-helmets.com\/blog\/wp-content\/uploads\/2022\/09\/casque-moto-the-classic-blue-red-marko-helmets-1-300x42.png 300w, https:\/\/www.marko-helmets.com\/blog\/wp-content\/uploads\/2022\/09\/casque-moto-the-classic-blue-red-marko-helmets-1-768x106.png 768w, https:\/\/www.marko-helmets.com\/blog\/wp-content\/uploads\/2022\/09\/casque-moto-the-classic-blue-red-marko-helmets-1-1536x213.png 1536w, https:\/\/www.marko-helmets.com\/blog\/wp-content\/uploads\/2022\/09\/casque-moto-the-classic-blue-red-marko-helmets-1-2048x284.png 2048w, https:\/\/www.marko-helmets.com\/blog\/wp-content\/uploads\/2022\/09\/casque-moto-the-classic-blue-red-marko-helmets-1-1080x150.png 1080w\" sizes=\"auto, (max-width: 1024px) 100vw, 1024px\" \/><\/a><\/figure>\n\n\n\n<p>Casque The classic Marko &#8211; Sylver Flake<\/p>\n\n\n\n<figure class=\"wp-block-image size-large\"><a href=\"https:\/\/marko-helmets.com\/casque-moto-jet-the-classic-marko-helmets-p-391-6768.html#\/2-taille-m\/138-couleur-argent\" target=\"_blank\" rel=\"noreferrer noopener\"><img loading=\"lazy\" decoding=\"async\" width=\"1024\" height=\"141\" src=\"https:\/\/www.marko-helmets.com\/blog\/wp-content\/uploads\/2022\/09\/Casque-moto-the-classic-sylver-flake-marko-helmets-1024x141.png\" alt=\"\" class=\"wp-image-816\" srcset=\"https:\/\/www.marko-helmets.com\/blog\/wp-content\/uploads\/2022\/09\/Casque-moto-the-classic-sylver-flake-marko-helmets-1024x141.png 1024w, https:\/\/www.marko-helmets.com\/blog\/wp-content\/uploads\/2022\/09\/Casque-moto-the-classic-sylver-flake-marko-helmets-300x41.png 300w, https:\/\/www.marko-helmets.com\/blog\/wp-content\/uploads\/2022\/09\/Casque-moto-the-classic-sylver-flake-marko-helmets-768x106.png 768w, https:\/\/www.marko-helmets.com\/blog\/wp-content\/uploads\/2022\/09\/Casque-moto-the-classic-sylver-flake-marko-helmets-1536x212.png 1536w, https:\/\/www.marko-helmets.com\/blog\/wp-content\/uploads\/2022\/09\/Casque-moto-the-classic-sylver-flake-marko-helmets-2048x283.png 2048w, https:\/\/www.marko-helmets.com\/blog\/wp-content\/uploads\/2022\/09\/Casque-moto-the-classic-sylver-flake-marko-helmets-1080x149.png 1080w\" sizes=\"auto, (max-width: 1024px) 100vw, 1024px\" \/><\/a><\/figure>\n\n\n\n<p>Casque The classic Marko &#8211; Black Mat<\/p>\n\n\n\n<figure class=\"wp-block-image size-large\"><a href=\"https:\/\/marko-helmets.com\/casque-moto-jet-the-classic-marko-helmets-p-391-6773.html#\/2-taille-m\/139-couleur-noir_mat\" target=\"_blank\" rel=\"noreferrer noopener\"><img loading=\"lazy\" decoding=\"async\" width=\"1024\" height=\"141\" src=\"https:\/\/www.marko-helmets.com\/blog\/wp-content\/uploads\/2022\/09\/casque-moto-the-classic-black-mat-marko-helmets-1024x141.png\" alt=\"\" class=\"wp-image-817\" srcset=\"https:\/\/www.marko-helmets.com\/blog\/wp-content\/uploads\/2022\/09\/casque-moto-the-classic-black-mat-marko-helmets-1024x141.png 1024w, https:\/\/www.marko-helmets.com\/blog\/wp-content\/uploads\/2022\/09\/casque-moto-the-classic-black-mat-marko-helmets-300x41.png 300w, https:\/\/www.marko-helmets.com\/blog\/wp-content\/uploads\/2022\/09\/casque-moto-the-classic-black-mat-marko-helmets-768x106.png 768w, https:\/\/www.marko-helmets.com\/blog\/wp-content\/uploads\/2022\/09\/casque-moto-the-classic-black-mat-marko-helmets-1536x211.png 1536w, https:\/\/www.marko-helmets.com\/blog\/wp-content\/uploads\/2022\/09\/casque-moto-the-classic-black-mat-marko-helmets-2048x282.png 2048w, https:\/\/www.marko-helmets.com\/blog\/wp-content\/uploads\/2022\/09\/casque-moto-the-classic-black-mat-marko-helmets-1080x149.png 1080w\" sizes=\"auto, (max-width: 1024px) 100vw, 1024px\" \/><\/a><\/figure>\n\n\n\n<p>Casque The classic Marko &#8211; Black\/Red<\/p>\n\n\n\n<figure class=\"wp-block-image size-large\"><a href=\"https:\/\/marko-helmets.com\/casque-moto-jet-the-classic-marko-helmets-p-391-6805.html#\/3-taille-l\/122-couleur-noir_rouge\" target=\"_blank\" rel=\"noreferrer noopener\"><img loading=\"lazy\" decoding=\"async\" width=\"1024\" height=\"142\" src=\"https:\/\/www.marko-helmets.com\/blog\/wp-content\/uploads\/2022\/09\/casque-moto-the-classic-black-red-marko-helmets-1024x142.png\" alt=\"\" class=\"wp-image-819\" srcset=\"https:\/\/www.marko-helmets.com\/blog\/wp-content\/uploads\/2022\/09\/casque-moto-the-classic-black-red-marko-helmets-1024x142.png 1024w, https:\/\/www.marko-helmets.com\/blog\/wp-content\/uploads\/2022\/09\/casque-moto-the-classic-black-red-marko-helmets-300x42.png 300w, https:\/\/www.marko-helmets.com\/blog\/wp-content\/uploads\/2022\/09\/casque-moto-the-classic-black-red-marko-helmets-768x106.png 768w, https:\/\/www.marko-helmets.com\/blog\/wp-content\/uploads\/2022\/09\/casque-moto-the-classic-black-red-marko-helmets-1536x213.png 1536w, https:\/\/www.marko-helmets.com\/blog\/wp-content\/uploads\/2022\/09\/casque-moto-the-classic-black-red-marko-helmets-2048x284.png 2048w, https:\/\/www.marko-helmets.com\/blog\/wp-content\/uploads\/2022\/09\/casque-moto-the-classic-black-red-marko-helmets-1080x150.png 1080w\" sizes=\"auto, (max-width: 1024px) 100vw, 1024px\" \/><\/a><\/figure>\n\n\n\n<p>Casque The classic Marko &#8211; Brown Flake<\/p>\n\n\n\n<figure class=\"wp-block-image size-large\"><a href=\"https:\/\/marko-helmets.com\/casque-moto-jet-the-classic-marko-helmets-p-391-6783.html#\/3-taille-l\/145-couleur-marron\"><img loading=\"lazy\" decoding=\"async\" width=\"1024\" height=\"142\" src=\"https:\/\/www.marko-helmets.com\/blog\/wp-content\/uploads\/2022\/09\/casque-moto-the-classic-brown-flake-marko-helmets-1024x142.png\" alt=\"\" class=\"wp-image-821\" srcset=\"https:\/\/www.marko-helmets.com\/blog\/wp-content\/uploads\/2022\/09\/casque-moto-the-classic-brown-flake-marko-helmets-1024x142.png 1024w, https:\/\/www.marko-helmets.com\/blog\/wp-content\/uploads\/2022\/09\/casque-moto-the-classic-brown-flake-marko-helmets-300x42.png 300w, https:\/\/www.marko-helmets.com\/blog\/wp-content\/uploads\/2022\/09\/casque-moto-the-classic-brown-flake-marko-helmets-768x106.png 768w, https:\/\/www.marko-helmets.com\/blog\/wp-content\/uploads\/2022\/09\/casque-moto-the-classic-brown-flake-marko-helmets-1536x213.png 1536w, https:\/\/www.marko-helmets.com\/blog\/wp-content\/uploads\/2022\/09\/casque-moto-the-classic-brown-flake-marko-helmets-2048x284.png 2048w, https:\/\/www.marko-helmets.com\/blog\/wp-content\/uploads\/2022\/09\/casque-moto-the-classic-brown-flake-marko-helmets-1080x150.png 1080w\" sizes=\"auto, (max-width: 1024px) 100vw, 1024px\" \/><\/a><\/figure>\n\n\n\n<p>Casque The classic Marko &#8211; Black<\/p>\n\n\n\n<figure class=\"wp-block-image size-large\"><a href=\"https:\/\/marko-helmets.com\/casque-moto-jet-the-classic-marko-helmets-p-391-6759.html#\/3-taille-l\/108-couleur-noir\" target=\"_blank\" rel=\"noreferrer noopener\"><img loading=\"lazy\" decoding=\"async\" width=\"1024\" height=\"142\" src=\"https:\/\/www.marko-helmets.com\/blog\/wp-content\/uploads\/2022\/09\/casque-moto-the-classic-black-marko-helmets-1024x142.png\" alt=\"\" class=\"wp-image-822\" srcset=\"https:\/\/www.marko-helmets.com\/blog\/wp-content\/uploads\/2022\/09\/casque-moto-the-classic-black-marko-helmets-1024x142.png 1024w, https:\/\/www.marko-helmets.com\/blog\/wp-content\/uploads\/2022\/09\/casque-moto-the-classic-black-marko-helmets-300x42.png 300w, https:\/\/www.marko-helmets.com\/blog\/wp-content\/uploads\/2022\/09\/casque-moto-the-classic-black-marko-helmets-768x106.png 768w, https:\/\/www.marko-helmets.com\/blog\/wp-content\/uploads\/2022\/09\/casque-moto-the-classic-black-marko-helmets-1536x213.png 1536w, https:\/\/www.marko-helmets.com\/blog\/wp-content\/uploads\/2022\/09\/casque-moto-the-classic-black-marko-helmets-2048x284.png 2048w, https:\/\/www.marko-helmets.com\/blog\/wp-content\/uploads\/2022\/09\/casque-moto-the-classic-black-marko-helmets-1080x150.png 1080w\" sizes=\"auto, (max-width: 1024px) 100vw, 1024px\" \/><\/a><\/figure>\n\n\n\n<p>Casque The classic Marko &#8211; Triple Black<\/p>\n\n\n\n<figure class=\"wp-block-image size-large\"><a href=\"https:\/\/marko-helmets.com\/casque-moto-jet-the-classic-marko-helmets-p-391-6901.html#\/3-taille-l\/197-couleur-triple_black\" target=\"_blank\" rel=\"noreferrer noopener\"><img loading=\"lazy\" decoding=\"async\" width=\"1024\" height=\"122\" src=\"https:\/\/www.marko-helmets.com\/blog\/wp-content\/uploads\/2025\/01\/The-Classic-casque-jet-Triple-Black-Marko-Helmets-3-1024x122.png\" alt=\"\" class=\"wp-image-1521\" srcset=\"https:\/\/www.marko-helmets.com\/blog\/wp-content\/uploads\/2025\/01\/The-Classic-casque-jet-Triple-Black-Marko-Helmets-3-1024x122.png 1024w, https:\/\/www.marko-helmets.com\/blog\/wp-content\/uploads\/2025\/01\/The-Classic-casque-jet-Triple-Black-Marko-Helmets-3-300x36.png 300w, https:\/\/www.marko-helmets.com\/blog\/wp-content\/uploads\/2025\/01\/The-Classic-casque-jet-Triple-Black-Marko-Helmets-3-768x92.png 768w, https:\/\/www.marko-helmets.com\/blog\/wp-content\/uploads\/2025\/01\/The-Classic-casque-jet-Triple-Black-Marko-Helmets-3-1536x184.png 1536w, https:\/\/www.marko-helmets.com\/blog\/wp-content\/uploads\/2025\/01\/The-Classic-casque-jet-Triple-Black-Marko-Helmets-3-2048x245.png 2048w, https:\/\/www.marko-helmets.com\/blog\/wp-content\/uploads\/2025\/01\/The-Classic-casque-jet-Triple-Black-Marko-Helmets-3-1080x129.png 1080w\" sizes=\"auto, (max-width: 1024px) 100vw, 1024px\" \/><\/a><\/figure>\n\n\n\n<p>Casque The Classic Marko &#8211; Bleu\/Orange<\/p>\n\n\n\n<figure class=\"wp-block-image size-large\"><a href=\"https:\/\/marko-helmets.com\/casque-moto-jet-the-classic-marko-helmets-p-391-6907.html#\/3-taille-l\/119-couleur-bleu_orange\" target=\"_blank\" rel=\"noreferrer noopener\"><img loading=\"lazy\" decoding=\"async\" width=\"1024\" height=\"115\" src=\"https:\/\/www.marko-helmets.com\/blog\/wp-content\/uploads\/2025\/01\/The-Classic-casque-jet-Orangebleu-Marko-Helmets-1024x115.png\" alt=\"\" class=\"wp-image-1526\" srcset=\"https:\/\/www.marko-helmets.com\/blog\/wp-content\/uploads\/2025\/01\/The-Classic-casque-jet-Orangebleu-Marko-Helmets-1024x115.png 1024w, https:\/\/www.marko-helmets.com\/blog\/wp-content\/uploads\/2025\/01\/The-Classic-casque-jet-Orangebleu-Marko-Helmets-300x34.png 300w, https:\/\/www.marko-helmets.com\/blog\/wp-content\/uploads\/2025\/01\/The-Classic-casque-jet-Orangebleu-Marko-Helmets-768x86.png 768w, https:\/\/www.marko-helmets.com\/blog\/wp-content\/uploads\/2025\/01\/The-Classic-casque-jet-Orangebleu-Marko-Helmets-1536x172.png 1536w, https:\/\/www.marko-helmets.com\/blog\/wp-content\/uploads\/2025\/01\/The-Classic-casque-jet-Orangebleu-Marko-Helmets-2048x229.png 2048w, https:\/\/www.marko-helmets.com\/blog\/wp-content\/uploads\/2025\/01\/The-Classic-casque-jet-Orangebleu-Marko-Helmets-1080x121.png 1080w\" sizes=\"auto, (max-width: 1024px) 100vw, 1024px\" \/><\/a><\/figure>\n\n\n\n<p>Casque The Classic Marko X Benson &amp; Cherry<\/p>\n\n\n\n<figure class=\"wp-block-image size-large\"><a href=\"https:\/\/marko-helmets.com\/content\/49-le-casque-bensoncherry-by-marko-helmets-\" target=\"_blank\" rel=\"noreferrer noopener\"><img loading=\"lazy\" decoding=\"async\" width=\"1024\" height=\"108\" src=\"https:\/\/www.marko-helmets.com\/blog\/wp-content\/uploads\/2025\/01\/The-Classic-Marko-Helmets-X-Benson-Cherry-1024x108.png\" alt=\"\" class=\"wp-image-1529\" srcset=\"https:\/\/www.marko-helmets.com\/blog\/wp-content\/uploads\/2025\/01\/The-Classic-Marko-Helmets-X-Benson-Cherry-1024x108.png 1024w, https:\/\/www.marko-helmets.com\/blog\/wp-content\/uploads\/2025\/01\/The-Classic-Marko-Helmets-X-Benson-Cherry-300x32.png 300w, https:\/\/www.marko-helmets.com\/blog\/wp-content\/uploads\/2025\/01\/The-Classic-Marko-Helmets-X-Benson-Cherry-768x81.png 768w, https:\/\/www.marko-helmets.com\/blog\/wp-content\/uploads\/2025\/01\/The-Classic-Marko-Helmets-X-Benson-Cherry-1536x162.png 1536w, https:\/\/www.marko-helmets.com\/blog\/wp-content\/uploads\/2025\/01\/The-Classic-Marko-Helmets-X-Benson-Cherry-2048x217.png 2048w, https:\/\/www.marko-helmets.com\/blog\/wp-content\/uploads\/2025\/01\/The-Classic-Marko-Helmets-X-Benson-Cherry-1080x114.png 1080w\" sizes=\"auto, (max-width: 1024px) 100vw, 1024px\" \/><\/a><\/figure>\n\n\n\n<h2 class=\"wp-block-heading\">Les accessoires :<\/h2>\n\n\n\n<figure class=\"wp-block-image size-large\"><a href=\"https:\/\/marko-helmets.com\/content\/24-casquette-visiere-casque-moto-jet-vintage\" target=\"_blank\" rel=\"noreferrer noopener\"><img loading=\"lazy\" decoding=\"async\" width=\"1024\" height=\"133\" src=\"https:\/\/www.marko-helmets.com\/blog\/wp-content\/uploads\/2022\/09\/casquettes-casques-moto-marko-helmets-1024x133.png\" alt=\"\" class=\"wp-image-824\" srcset=\"https:\/\/www.marko-helmets.com\/blog\/wp-content\/uploads\/2022\/09\/casquettes-casques-moto-marko-helmets-1024x133.png 1024w, https:\/\/www.marko-helmets.com\/blog\/wp-content\/uploads\/2022\/09\/casquettes-casques-moto-marko-helmets-300x39.png 300w, https:\/\/www.marko-helmets.com\/blog\/wp-content\/uploads\/2022\/09\/casquettes-casques-moto-marko-helmets-768x100.png 768w, https:\/\/www.marko-helmets.com\/blog\/wp-content\/uploads\/2022\/09\/casquettes-casques-moto-marko-helmets-1536x200.png 1536w, https:\/\/www.marko-helmets.com\/blog\/wp-content\/uploads\/2022\/09\/casquettes-casques-moto-marko-helmets-2048x266.png 2048w, https:\/\/www.marko-helmets.com\/blog\/wp-content\/uploads\/2022\/09\/casquettes-casques-moto-marko-helmets-1080x140.png 1080w\" sizes=\"auto, (max-width: 1024px) 100vw, 1024px\" \/><\/a><\/figure>\n\n\n\n<h2 class=\"wp-block-heading\"><strong>Les caract\u00e9ristiques techniques :<\/strong><\/h2>\n\n\n\n<p><strong>Tailles :<\/strong> XS \u00e0 XXL.&nbsp;<\/p>\n\n\n\n<p><strong>Poids : <\/strong>de 900g \u00e0 1050g<\/p>\n\n\n\n<p><strong>Homologation : <\/strong>ecer22-06 et DOT<\/p>\n\n\n\n<ul class=\"wp-block-list\">\n<li> Calotte en fibres composites<\/li>\n\n\n\n<li> 5 tailles de coque <\/li>\n\n\n\n<li> Int\u00e9rieur en cuir <\/li>\n\n\n\n<li> Trois pressions pour la casquette ou la visi\u00e8re <\/li>\n\n\n\n<li> Languette de maintien des lunettes <\/li>\n\n\n\n<li> Fermeture de la jugulaire par boucle Double-D la plus s\u00e9curisante du march\u00e9 et la seule homologu\u00e9e sur piste<\/li>\n\n\n\n<li> Champ de vision large<\/li>\n\n\n\n<li> Casquette noire fournie <\/li>\n\n\n\n<li> Livr\u00e9 avec une housse de transport et des stickers r\u00e9fl\u00e9chissants <\/li>\n<\/ul>\n\n\n\n<p><strong>Prix public :<\/strong> 249.95 \u20ac<\/p>\n\n\n\n<div class=\"wp-block-button aligncenter\"><a class=\"wp-block-button__link has-background wp-element-button\" href=\"https:\/\/marko-helmets.com\/\" style=\"background-color:#c39f76\" target=\"_blank\" rel=\"noreferrer noopener\">Disponible sur Marko helmets<\/a><\/div>\n","protected":false},"excerpt":{"rendered":"<p>Le casque jet The Classic adopte un style vintage dans le pure esprit caf\u00e9 racer, bobber et scrambler. Cette forme de casque intemporelle, distinctive et particuli\u00e8rement \u00e9quilibr\u00e9e a \u00e9t\u00e9 largement am\u00e9lior\u00e9e gr\u00e2ce \u00e0 5 tailles de coque. La forme du casque The Classic est con\u00e7ue sp\u00e9cialement pour \u00e9pouser naturellement la forme de votre t\u00eate et \u00e9viter l&rsquo;effet t\u00eate d\u2019\u0153uf bien connu&nbsp;! L\u2019int\u00e9rieur en cuir pleine fleur de qualit\u00e9 offre un confort exceptionnel et une tr\u00e8s belle patine dans le temps. Par ailleurs, Marko helmets souhaite offrir un casque discret, sans logo apparent et visible seulement sur la pression arri\u00e8re, estampill\u00e9e du M de Marko Helmets. The Classic s&rsquo;adapte parfaitement avec les lunettes type aviateur ou les masques de cross vintage, gr\u00e2ce \u00e0 son accroche masque \u00e0 l\u2019arri\u00e8re. Ce mod\u00e8le est disponible dans 9 coloris avec des finitions chrome ou cuir. Casque The Classic &#8211; Coloris Casque The classic Marko &#8211; Blue\/red Casque The classic Marko &#8211; Sylver Flake Casque The classic Marko &#8211; Black Mat Casque The classic Marko &#8211; Black\/Red Casque The classic Marko &#8211; Brown Flake Casque The classic Marko &#8211; Black Casque The classic Marko &#8211; Triple Black Casque The Classic Marko &#8211; Bleu\/Orange Casque The Classic [&hellip;]<\/p>\n","protected":false},"author":1,"featured_media":0,"parent":999,"menu_order":2,"comment_status":"closed","ping_status":"closed","template":"","meta":{"footnotes":""},"class_list":["post-807","page","type-page","status-publish","hentry"],"_links":{"self":[{"href":"https:\/\/www.marko-helmets.com\/blog\/wp-json\/wp\/v2\/pages\/807","targetHints":{"allow":["GET"]}}],"collection":[{"href":"https:\/\/www.marko-helmets.com\/blog\/wp-json\/wp\/v2\/pages"}],"about":[{"href":"https:\/\/www.marko-helmets.com\/blog\/wp-json\/wp\/v2\/types\/page"}],"author":[{"embeddable":true,"href":"https:\/\/www.marko-helmets.com\/blog\/wp-json\/wp\/v2\/users\/1"}],"replies":[{"embeddable":true,"href":"https:\/\/www.marko-helmets.com\/blog\/wp-json\/wp\/v2\/comments?post=807"}],"version-history":[{"count":11,"href":"https:\/\/www.marko-helmets.com\/blog\/wp-json\/wp\/v2\/pages\/807\/revisions"}],"predecessor-version":[{"id":1530,"href":"https:\/\/www.marko-helmets.com\/blog\/wp-json\/wp\/v2\/pages\/807\/revisions\/1530"}],"up":[{"embeddable":true,"href":"https:\/\/www.marko-helmets.com\/blog\/wp-json\/wp\/v2\/pages\/999"}],"wp:attachment":[{"href":"https:\/\/www.marko-helmets.com\/blog\/wp-json\/wp\/v2\/media?parent=807"}],"curies":[{"name":"wp","href":"https:\/\/api.w.org\/{rel}","templated":true}]}}