{"id":1547,"date":"2025-01-22T11:55:00","date_gmt":"2025-01-22T09:55:00","guid":{"rendered":"https:\/\/www.marko-helmets.com\/blog\/?page_id=1547"},"modified":"2025-01-22T11:55:01","modified_gmt":"2025-01-22T09:55:01","slug":"le-casque-full-moon-2","status":"publish","type":"page","link":"https:\/\/www.marko-helmets.com\/blog\/le-casque-full-moon-2\/","title":{"rendered":"Le casque Full Moon 2"},"content":{"rendered":"\n<p>Le best-seller de la marque M\u00e2rk\u00f6 Helmets, le \u201cFull Moon,\u201d fait peau neuve avec l\u2019arriv\u00e9e du \u201cFull Moon 2\u201d. Ce nouveau casque reprend les codes de l\u2019ancienne g\u00e9n\u00e9ration tout en offrant des am\u00e9liorations et des changements majeurs, en faisant un mod\u00e8le incontournable.<\/p>\n\n\n\n<figure class=\"wp-block-image size-large\"><a href=\"https:\/\/www.marko-helmets.com\/blog\/wp-content\/uploads\/2025\/01\/Le-full-Moon-2-le-casque-de-moto-integral-de-Marko-Helmets.png\"><img loading=\"lazy\" decoding=\"async\" width=\"1024\" height=\"600\" src=\"https:\/\/www.marko-helmets.com\/blog\/wp-content\/uploads\/2025\/01\/Le-full-Moon-2-le-casque-de-moto-integral-de-Marko-Helmets-1024x600.png\" alt=\"\" class=\"wp-image-1555\" srcset=\"https:\/\/www.marko-helmets.com\/blog\/wp-content\/uploads\/2025\/01\/Le-full-Moon-2-le-casque-de-moto-integral-de-Marko-Helmets-1024x600.png 1024w, https:\/\/www.marko-helmets.com\/blog\/wp-content\/uploads\/2025\/01\/Le-full-Moon-2-le-casque-de-moto-integral-de-Marko-Helmets-300x176.png 300w, https:\/\/www.marko-helmets.com\/blog\/wp-content\/uploads\/2025\/01\/Le-full-Moon-2-le-casque-de-moto-integral-de-Marko-Helmets-768x450.png 768w, https:\/\/www.marko-helmets.com\/blog\/wp-content\/uploads\/2025\/01\/Le-full-Moon-2-le-casque-de-moto-integral-de-Marko-Helmets-1536x900.png 1536w, https:\/\/www.marko-helmets.com\/blog\/wp-content\/uploads\/2025\/01\/Le-full-Moon-2-le-casque-de-moto-integral-de-Marko-Helmets-2048x1200.png 2048w, https:\/\/www.marko-helmets.com\/blog\/wp-content\/uploads\/2025\/01\/Le-full-Moon-2-le-casque-de-moto-integral-de-Marko-Helmets-1080x633.png 1080w\" sizes=\"auto, (max-width: 1024px) 100vw, 1024px\" \/><\/a><\/figure>\n\n\n\n<p>Inspir\u00e9 par les casques int\u00e9graux des ann\u00e9es 60, le<a href=\"https:\/\/marko-helmets.com\/content\/50-le-casque-full-moon-2-marko-helmets\" target=\"_blank\" rel=\"noreferrer noopener\"> Full Moon 2<\/a> est con\u00e7u avec une coque en fibre de verre et une mentonni\u00e8re fine et basse, offrant un champ de vision exceptionnellement large, une caract\u00e9ristique particuli\u00e8rement pris\u00e9e par les utilisateurs de deux roues et particuli\u00e8rement pour la conduite en ville.<\/p>\n\n\n\n<p>Le Full Moon 2 \u00e0 un int\u00e9rieur en tissu antibact\u00e9rien amovible et lavable, des mousses de joues pouvant accueillir un syst\u00e8me Intercom, une bavette de mentonni\u00e8re amovible ainsi qu\u2019une qualit\u00e9 des coutures et des mat\u00e9riaux am\u00e9lior\u00e9e. Le syst\u00e8me de ventilation et les grilles ont \u00e9t\u00e9 redessin\u00e9s pour offrir une a\u00e9ration accrue.<\/p>\n\n\n\n<figure class=\"wp-block-image size-large\"><a href=\"https:\/\/www.marko-helmets.com\/blog\/wp-content\/uploads\/2025\/01\/Le-full-Moon-2-un-casque-moto-integral-vintage-de-Marko-Helmets.png\"><img loading=\"lazy\" decoding=\"async\" width=\"1024\" height=\"600\" src=\"https:\/\/www.marko-helmets.com\/blog\/wp-content\/uploads\/2025\/01\/Le-full-Moon-2-un-casque-moto-integral-vintage-de-Marko-Helmets-1024x600.png\" alt=\"\" class=\"wp-image-1554\" srcset=\"https:\/\/www.marko-helmets.com\/blog\/wp-content\/uploads\/2025\/01\/Le-full-Moon-2-un-casque-moto-integral-vintage-de-Marko-Helmets-1024x600.png 1024w, https:\/\/www.marko-helmets.com\/blog\/wp-content\/uploads\/2025\/01\/Le-full-Moon-2-un-casque-moto-integral-vintage-de-Marko-Helmets-300x176.png 300w, https:\/\/www.marko-helmets.com\/blog\/wp-content\/uploads\/2025\/01\/Le-full-Moon-2-un-casque-moto-integral-vintage-de-Marko-Helmets-768x450.png 768w, https:\/\/www.marko-helmets.com\/blog\/wp-content\/uploads\/2025\/01\/Le-full-Moon-2-un-casque-moto-integral-vintage-de-Marko-Helmets-1536x901.png 1536w, https:\/\/www.marko-helmets.com\/blog\/wp-content\/uploads\/2025\/01\/Le-full-Moon-2-un-casque-moto-integral-vintage-de-Marko-Helmets-2048x1201.png 2048w, https:\/\/www.marko-helmets.com\/blog\/wp-content\/uploads\/2025\/01\/Le-full-Moon-2-un-casque-moto-integral-vintage-de-Marko-Helmets-1080x633.png 1080w\" sizes=\"auto, (max-width: 1024px) 100vw, 1024px\" \/><\/a><\/figure>\n\n\n\n<p>La <a href=\"https:\/\/marko-helmets.com\/content\/22-les-visieres-pour-casques-moto-marko-helmets\" target=\"_blank\" rel=\"noreferrer noopener\">visi\u00e8re du Full Moon 2<\/a> est crant\u00e9e et \u00e9tanche, garantissant une visibilit\u00e9 optimale quelles que soient les conditions m\u00e9t\u00e9orologiques. Con\u00e7u pour \u00eatre personnalis\u00e9, le casque permet de retirer la visi\u00e8re pour installer l\u2019un de nos masques gr\u00e2ce \u00e0 une attache lunette \u00e9l\u00e9gante, en cuir et aimant\u00e9e, pour une installation rapide et s\u00e9curis\u00e9e. La visserie peut \u00e9galement \u00eatre remplac\u00e9e par un large choix de coloris, et la visi\u00e8re d\u2019origine peut \u00eatre \u00e9chang\u00e9e contre l\u2019une des trois visi\u00e8res propos\u00e9es par M\u00e2rk\u00f6 Helmets. En outre, un syst\u00e8me Pinlock est disponible pour lutter contre la formation de bu\u00e9e.<\/p>\n\n\n\n<p>Ce casque \u00e9l\u00e9gant allie s\u00e9curit\u00e9, l\u00e9g\u00e8ret\u00e9 et confort dans un look classique et sera votre partenaire id\u00e9al pour vos aventures motoris\u00e9es.<\/p>\n\n\n\n<p>Disponible d\u00e8s d\u00e9but 2025 dans une grande partie des boutiques d\u2019\u00e9quipement moto en France et en Europe, le Full Moon 2 est dot\u00e9 d\u2019une double homologation ECE 22.06 et DOT.<\/p>\n\n\n\n<h2 class=\"wp-block-heading\">Casque Full Moon 2 &#8211; Coloris<\/h2>\n\n\n\n<p>Casque Full Moon 2 &#8211; White<\/p>\n\n\n\n<figure class=\"wp-block-image size-large\"><a href=\"https:\/\/marko-helmets.com\/casque-integral-full-moon-2-marko-helmets-p-442-7160.html?preview=1#\/2-taille-m\/209-couleur-white\" target=\"_blank\" rel=\"noreferrer noopener\"><img loading=\"lazy\" decoding=\"async\" width=\"1024\" height=\"110\" src=\"https:\/\/www.marko-helmets.com\/blog\/wp-content\/uploads\/2025\/01\/Full-Moon-2-casque-moto-integral-White-Marko-Helmets-1024x110.png\" alt=\"\" class=\"wp-image-1548\" srcset=\"https:\/\/www.marko-helmets.com\/blog\/wp-content\/uploads\/2025\/01\/Full-Moon-2-casque-moto-integral-White-Marko-Helmets-1024x110.png 1024w, https:\/\/www.marko-helmets.com\/blog\/wp-content\/uploads\/2025\/01\/Full-Moon-2-casque-moto-integral-White-Marko-Helmets-300x32.png 300w, https:\/\/www.marko-helmets.com\/blog\/wp-content\/uploads\/2025\/01\/Full-Moon-2-casque-moto-integral-White-Marko-Helmets-768x82.png 768w, https:\/\/www.marko-helmets.com\/blog\/wp-content\/uploads\/2025\/01\/Full-Moon-2-casque-moto-integral-White-Marko-Helmets-1536x164.png 1536w, https:\/\/www.marko-helmets.com\/blog\/wp-content\/uploads\/2025\/01\/Full-Moon-2-casque-moto-integral-White-Marko-Helmets-2048x219.png 2048w, https:\/\/www.marko-helmets.com\/blog\/wp-content\/uploads\/2025\/01\/Full-Moon-2-casque-moto-integral-White-Marko-Helmets-1080x116.png 1080w\" sizes=\"auto, (max-width: 1024px) 100vw, 1024px\" \/><\/a><\/figure>\n\n\n\n<p>Casque Full Moon 2 &#8211; Black\/gold<\/p>\n\n\n\n<figure class=\"wp-block-image size-large\"><a href=\"https:\/\/marko-helmets.com\/casque-integral-full-moon-2-marko-helmets-p-442-7130.html?preview=1#\/2-taille-m\/133-couleur-black_gold\" target=\"_blank\" rel=\"noreferrer noopener\"><img loading=\"lazy\" decoding=\"async\" width=\"1024\" height=\"108\" src=\"https:\/\/www.marko-helmets.com\/blog\/wp-content\/uploads\/2025\/01\/Full-Moon-2-casque-moto-integral-BlackGold-Marko-Helmets-1024x108.png\" alt=\"\" class=\"wp-image-1550\" srcset=\"https:\/\/www.marko-helmets.com\/blog\/wp-content\/uploads\/2025\/01\/Full-Moon-2-casque-moto-integral-BlackGold-Marko-Helmets-1024x108.png 1024w, https:\/\/www.marko-helmets.com\/blog\/wp-content\/uploads\/2025\/01\/Full-Moon-2-casque-moto-integral-BlackGold-Marko-Helmets-300x32.png 300w, https:\/\/www.marko-helmets.com\/blog\/wp-content\/uploads\/2025\/01\/Full-Moon-2-casque-moto-integral-BlackGold-Marko-Helmets-768x81.png 768w, https:\/\/www.marko-helmets.com\/blog\/wp-content\/uploads\/2025\/01\/Full-Moon-2-casque-moto-integral-BlackGold-Marko-Helmets-1536x162.png 1536w, https:\/\/www.marko-helmets.com\/blog\/wp-content\/uploads\/2025\/01\/Full-Moon-2-casque-moto-integral-BlackGold-Marko-Helmets-2048x217.png 2048w, https:\/\/www.marko-helmets.com\/blog\/wp-content\/uploads\/2025\/01\/Full-Moon-2-casque-moto-integral-BlackGold-Marko-Helmets-1080x114.png 1080w\" sizes=\"auto, (max-width: 1024px) 100vw, 1024px\" \/><\/a><\/figure>\n\n\n\n<p>Casque Full Moon 2 &#8211; Noir Matt Brown<\/p>\n\n\n\n<figure class=\"wp-block-image size-large\"><a href=\"https:\/\/marko-helmets.com\/casque-integral-full-moon-2-marko-helmets-p-442-7136.html?preview=1#\/2-taille-m\/218-couleur-black_mat_brown\" target=\"_blank\" rel=\"noreferrer noopener\"><img loading=\"lazy\" decoding=\"async\" width=\"1024\" height=\"109\" src=\"https:\/\/www.marko-helmets.com\/blog\/wp-content\/uploads\/2025\/01\/Full-Moon-2-casque-moto-integral-black-Mat-Brown-Marko-Helmets--1024x109.png\" alt=\"\" class=\"wp-image-1549\" srcset=\"https:\/\/www.marko-helmets.com\/blog\/wp-content\/uploads\/2025\/01\/Full-Moon-2-casque-moto-integral-black-Mat-Brown-Marko-Helmets--1024x109.png 1024w, https:\/\/www.marko-helmets.com\/blog\/wp-content\/uploads\/2025\/01\/Full-Moon-2-casque-moto-integral-black-Mat-Brown-Marko-Helmets--300x32.png 300w, https:\/\/www.marko-helmets.com\/blog\/wp-content\/uploads\/2025\/01\/Full-Moon-2-casque-moto-integral-black-Mat-Brown-Marko-Helmets--768x82.png 768w, https:\/\/www.marko-helmets.com\/blog\/wp-content\/uploads\/2025\/01\/Full-Moon-2-casque-moto-integral-black-Mat-Brown-Marko-Helmets--1536x164.png 1536w, https:\/\/www.marko-helmets.com\/blog\/wp-content\/uploads\/2025\/01\/Full-Moon-2-casque-moto-integral-black-Mat-Brown-Marko-Helmets--2048x218.png 2048w, https:\/\/www.marko-helmets.com\/blog\/wp-content\/uploads\/2025\/01\/Full-Moon-2-casque-moto-integral-black-Mat-Brown-Marko-Helmets--1080x115.png 1080w\" sizes=\"auto, (max-width: 1024px) 100vw, 1024px\" \/><\/a><\/figure>\n\n\n\n<p>Casque Full Moon 2 &#8211; Black\/Cr\u00e8me<\/p>\n\n\n\n<figure class=\"wp-block-image size-large\"><a href=\"https:\/\/marko-helmets.com\/casque-integral-full-moon-2-marko-helmets-p-442-7124.html?preview=1#\/2-taille-m\/116-couleur-beige_noir\" target=\"_blank\" rel=\"noreferrer noopener\"><img loading=\"lazy\" decoding=\"async\" width=\"1024\" height=\"108\" src=\"https:\/\/www.marko-helmets.com\/blog\/wp-content\/uploads\/2025\/01\/Full-Moon-2-casque-moto-integral-Blackcreme-Marko-Helmets-1024x108.png\" alt=\"\" class=\"wp-image-1551\" srcset=\"https:\/\/www.marko-helmets.com\/blog\/wp-content\/uploads\/2025\/01\/Full-Moon-2-casque-moto-integral-Blackcreme-Marko-Helmets-1024x108.png 1024w, https:\/\/www.marko-helmets.com\/blog\/wp-content\/uploads\/2025\/01\/Full-Moon-2-casque-moto-integral-Blackcreme-Marko-Helmets-300x32.png 300w, https:\/\/www.marko-helmets.com\/blog\/wp-content\/uploads\/2025\/01\/Full-Moon-2-casque-moto-integral-Blackcreme-Marko-Helmets-768x81.png 768w, https:\/\/www.marko-helmets.com\/blog\/wp-content\/uploads\/2025\/01\/Full-Moon-2-casque-moto-integral-Blackcreme-Marko-Helmets-1536x162.png 1536w, https:\/\/www.marko-helmets.com\/blog\/wp-content\/uploads\/2025\/01\/Full-Moon-2-casque-moto-integral-Blackcreme-Marko-Helmets-2048x216.png 2048w, https:\/\/www.marko-helmets.com\/blog\/wp-content\/uploads\/2025\/01\/Full-Moon-2-casque-moto-integral-Blackcreme-Marko-Helmets-1080x114.png 1080w\" sizes=\"auto, (max-width: 1024px) 100vw, 1024px\" \/><\/a><\/figure>\n\n\n\n<p>Casque Full Moon 2 &#8211; Black<\/p>\n\n\n\n<figure class=\"wp-block-image size-large\"><a href=\"https:\/\/marko-helmets.com\/casque-integral-full-moon-2-marko-helmets-p-442-7154.html?preview=1#\/2-taille-m\/183-couleur-black\" target=\"_blank\" rel=\"noreferrer noopener\"><img loading=\"lazy\" decoding=\"async\" width=\"1024\" height=\"109\" src=\"https:\/\/www.marko-helmets.com\/blog\/wp-content\/uploads\/2025\/01\/Full-Moon-2-casque-moto-integral-Blackred-Marko-Helmets-1024x109.png\" alt=\"\" class=\"wp-image-1552\" srcset=\"https:\/\/www.marko-helmets.com\/blog\/wp-content\/uploads\/2025\/01\/Full-Moon-2-casque-moto-integral-Blackred-Marko-Helmets-1024x109.png 1024w, https:\/\/www.marko-helmets.com\/blog\/wp-content\/uploads\/2025\/01\/Full-Moon-2-casque-moto-integral-Blackred-Marko-Helmets-300x32.png 300w, https:\/\/www.marko-helmets.com\/blog\/wp-content\/uploads\/2025\/01\/Full-Moon-2-casque-moto-integral-Blackred-Marko-Helmets-768x82.png 768w, https:\/\/www.marko-helmets.com\/blog\/wp-content\/uploads\/2025\/01\/Full-Moon-2-casque-moto-integral-Blackred-Marko-Helmets-1536x164.png 1536w, https:\/\/www.marko-helmets.com\/blog\/wp-content\/uploads\/2025\/01\/Full-Moon-2-casque-moto-integral-Blackred-Marko-Helmets-2048x218.png 2048w, https:\/\/www.marko-helmets.com\/blog\/wp-content\/uploads\/2025\/01\/Full-Moon-2-casque-moto-integral-Blackred-Marko-Helmets-1080x115.png 1080w\" sizes=\"auto, (max-width: 1024px) 100vw, 1024px\" \/><\/a><\/figure>\n\n\n\n<h2 class=\"wp-block-heading\">Les accessoires :<\/h2>\n\n\n\n<p>Les visi\u00e8res Full Moon 2<\/p>\n\n\n\n<figure class=\"wp-block-image size-large\"><a href=\"https:\/\/marko-helmets.com\/visiere-casque-integral-full-moon-2-marko-helmets-p-443-7167.html?preview=1#\/79-taille-taille_unique\/221-couleur-brown\" target=\"_blank\" rel=\"noreferrer noopener\"><img loading=\"lazy\" decoding=\"async\" width=\"1024\" height=\"112\" src=\"https:\/\/www.marko-helmets.com\/blog\/wp-content\/uploads\/2025\/01\/Les-visieres-du-casque-moto-Full-Moon-2-de-Marko-Helmets-1024x112.png\" alt=\"\" class=\"wp-image-1553\" srcset=\"https:\/\/www.marko-helmets.com\/blog\/wp-content\/uploads\/2025\/01\/Les-visieres-du-casque-moto-Full-Moon-2-de-Marko-Helmets-1024x112.png 1024w, https:\/\/www.marko-helmets.com\/blog\/wp-content\/uploads\/2025\/01\/Les-visieres-du-casque-moto-Full-Moon-2-de-Marko-Helmets-300x33.png 300w, https:\/\/www.marko-helmets.com\/blog\/wp-content\/uploads\/2025\/01\/Les-visieres-du-casque-moto-Full-Moon-2-de-Marko-Helmets-768x84.png 768w, https:\/\/www.marko-helmets.com\/blog\/wp-content\/uploads\/2025\/01\/Les-visieres-du-casque-moto-Full-Moon-2-de-Marko-Helmets-1536x167.png 1536w, https:\/\/www.marko-helmets.com\/blog\/wp-content\/uploads\/2025\/01\/Les-visieres-du-casque-moto-Full-Moon-2-de-Marko-Helmets-2048x223.png 2048w, https:\/\/www.marko-helmets.com\/blog\/wp-content\/uploads\/2025\/01\/Les-visieres-du-casque-moto-Full-Moon-2-de-Marko-Helmets-1080x118.png 1080w\" sizes=\"auto, (max-width: 1024px) 100vw, 1024px\" \/><\/a><\/figure>\n\n\n\n<h2 class=\"wp-block-heading\">Caract\u00e9ristiques techniques du casque :<\/h2>\n\n\n\n<p><strong>Tailles :<\/strong> XS \u00e0 2XL<\/p>\n\n\n\n<p><strong>Poids :<\/strong> 1400 +\/- 50g<\/p>\n\n\n\n<p><strong>Homologation :<\/strong> ecer22-06 et DOT<\/p>\n\n\n\n<ul class=\"wp-block-list\">\n<li>Livr\u00e9 avec une housse de transport et des stickers r\u00e9fl\u00e9chissants.<\/li>\n\n\n\n<li>Calotin en polystyr\u00e8ne multi densit\u00e9s pour une protection optimis\u00e9e gr\u00e2ce \u00e0 l&rsquo;utilisation de mat\u00e9riaux \u00e0 diff\u00e9rents niveaux d&rsquo;absorption.<\/li>\n\n\n\n<li>Fermeture de la jugulaire par une boucle Double-D s\u00e9curisante et la seule homologu\u00e9e sur piste.<\/li>\n\n\n\n<li>Syst\u00e8me de ventilation avec 2 entr\u00e9es<\/li>\n\n\n\n<li>Fixation pour lunettes\/masque aimant\u00e9<\/li>\n\n\n\n<li>Int\u00e9rieur antibact\u00e9rien et anti-transpiration<\/li>\n\n\n\n<li>Bavette amovible<\/li>\n\n\n\n<li>Visi\u00e8re crant\u00e9e<\/li>\n\n\n\n<li>Visi\u00e8re trait\u00e9e anti-rayure<\/li>\n\n\n\n<li>Emplacement pour Pinlock<\/li>\n\n\n\n<li>Emplacement pour intercom<\/li>\n<\/ul>\n\n\n\n<p><strong>Prix Public :<\/strong> 399 \u20ac TTC<\/p>\n\n\n\n<div class=\"wp-block-buttons is-content-justification-center is-layout-flex wp-container-core-buttons-is-layout-16018d1d wp-block-buttons-is-layout-flex\">\n<div class=\"wp-block-button has-custom-width wp-block-button__width-50 has-custom-font-size is-style-fill has-small-font-size\"><a class=\"wp-block-button__link has-background has-text-align-center wp-element-button\" href=\"https:\/\/marko-helmets.com\/\" style=\"border-radius:0px;background-color:#c39f76\" target=\"_blank\" rel=\"noreferrer noopener\">Disponible sur Marko Helmets<\/a><\/div>\n<\/div>\n\n\n\n<p><\/p>\n","protected":false},"excerpt":{"rendered":"<p>Le best-seller de la marque M\u00e2rk\u00f6 Helmets, le \u201cFull Moon,\u201d fait peau neuve avec l\u2019arriv\u00e9e du \u201cFull Moon 2\u201d. Ce nouveau casque reprend les codes de l\u2019ancienne g\u00e9n\u00e9ration tout en offrant des am\u00e9liorations et des changements majeurs, en faisant un mod\u00e8le incontournable. Inspir\u00e9 par les casques int\u00e9graux des ann\u00e9es 60, le Full Moon 2 est con\u00e7u avec une coque en fibre de verre et une mentonni\u00e8re fine et basse, offrant un champ de vision exceptionnellement large, une caract\u00e9ristique particuli\u00e8rement pris\u00e9e par les utilisateurs de deux roues et particuli\u00e8rement pour la conduite en ville. Le Full Moon 2 \u00e0 un int\u00e9rieur en tissu antibact\u00e9rien amovible et lavable, des mousses de joues pouvant accueillir un syst\u00e8me Intercom, une bavette de mentonni\u00e8re amovible ainsi qu\u2019une qualit\u00e9 des coutures et des mat\u00e9riaux am\u00e9lior\u00e9e. Le syst\u00e8me de ventilation et les grilles ont \u00e9t\u00e9 redessin\u00e9s pour offrir une a\u00e9ration accrue. La visi\u00e8re du Full Moon 2 est crant\u00e9e et \u00e9tanche, garantissant une visibilit\u00e9 optimale quelles que soient les conditions m\u00e9t\u00e9orologiques. Con\u00e7u pour \u00eatre personnalis\u00e9, le casque permet de retirer la visi\u00e8re pour installer l\u2019un de nos masques gr\u00e2ce \u00e0 une attache lunette \u00e9l\u00e9gante, en cuir et aimant\u00e9e, pour une installation rapide et s\u00e9curis\u00e9e. La visserie peut [&hellip;]<\/p>\n","protected":false},"author":1,"featured_media":0,"parent":0,"menu_order":0,"comment_status":"closed","ping_status":"closed","template":"","meta":{"footnotes":""},"class_list":["post-1547","page","type-page","status-publish","hentry"],"_links":{"self":[{"href":"https:\/\/www.marko-helmets.com\/blog\/wp-json\/wp\/v2\/pages\/1547","targetHints":{"allow":["GET"]}}],"collection":[{"href":"https:\/\/www.marko-helmets.com\/blog\/wp-json\/wp\/v2\/pages"}],"about":[{"href":"https:\/\/www.marko-helmets.com\/blog\/wp-json\/wp\/v2\/types\/page"}],"author":[{"embeddable":true,"href":"https:\/\/www.marko-helmets.com\/blog\/wp-json\/wp\/v2\/users\/1"}],"replies":[{"embeddable":true,"href":"https:\/\/www.marko-helmets.com\/blog\/wp-json\/wp\/v2\/comments?post=1547"}],"version-history":[{"count":1,"href":"https:\/\/www.marko-helmets.com\/blog\/wp-json\/wp\/v2\/pages\/1547\/revisions"}],"predecessor-version":[{"id":1556,"href":"https:\/\/www.marko-helmets.com\/blog\/wp-json\/wp\/v2\/pages\/1547\/revisions\/1556"}],"wp:attachment":[{"href":"https:\/\/www.marko-helmets.com\/blog\/wp-json\/wp\/v2\/media?parent=1547"}],"curies":[{"name":"wp","href":"https:\/\/api.w.org\/{rel}","templated":true}]}}