{"id":1440,"date":"2024-05-17T10:28:55","date_gmt":"2024-05-17T08:28:55","guid":{"rendered":"https:\/\/www.marko-helmets.com\/blog\/?page_id=1440"},"modified":"2025-01-22T15:52:55","modified_gmt":"2025-01-22T13:52:55","slug":"le-casque-tandem-light","status":"publish","type":"page","link":"https:\/\/www.marko-helmets.com\/blog\/le-casque-tandem-light\/","title":{"rendered":"Le casque tandem light"},"content":{"rendered":"\n<p>Le Tandem Light est une nouvelle version du best seller de la marque le casque de v\u00e9lo \u201c<a href=\"https:\/\/marko-helmets.com\/content\/23-casque-velo-vintage-trotinette-tandem\" target=\"_blank\" rel=\"noreferrer noopener\" aria-label=\"Tandem (s\u2019ouvre dans un nouvel onglet)\">Tandem<\/a>\u201d. Ce nouveau casque de v\u00e9lo reprend les codes esth\u00e9tiques du Tandem qui a su se faire une place dans le secteur de la mobilit\u00e9 douce.  <\/p>\n\n\n\n<p>Le casque v\u00e9lo Tandem Light de <a href=\"https:\/\/marko-helmets.com\/\" target=\"_blank\" rel=\"noreferrer noopener\" aria-label=\"Marko Helmets (s\u2019ouvre dans un nouvel onglet)\">Marko Helmets<\/a> se compose d&rsquo;une coque robuste enveloppante en polycarbonate homologu\u00e9 CE EN1078 et d\u2019un int\u00e9rieur en polystyr\u00e8ne avec des mousses d\u00e9montables et lavable pour plus de confort. Les oreillettes sont amovibles et vous permettent d\u2019avoir chaud lors de la saison hivernale.  <\/p>\n\n\n\n<figure class=\"wp-block-image size-large\"><img loading=\"lazy\" decoding=\"async\" width=\"1024\" height=\"603\" src=\"https:\/\/www.marko-helmets.com\/blog\/wp-content\/uploads\/2024\/05\/Tandem-Light-Lumi\u00e8re-1024x603.png\" alt=\"\" class=\"wp-image-1451\" srcset=\"https:\/\/www.marko-helmets.com\/blog\/wp-content\/uploads\/2024\/05\/Tandem-Light-Lumi\u00e8re-1024x603.png 1024w, https:\/\/www.marko-helmets.com\/blog\/wp-content\/uploads\/2024\/05\/Tandem-Light-Lumi\u00e8re-300x177.png 300w, https:\/\/www.marko-helmets.com\/blog\/wp-content\/uploads\/2024\/05\/Tandem-Light-Lumi\u00e8re-768x452.png 768w, https:\/\/www.marko-helmets.com\/blog\/wp-content\/uploads\/2024\/05\/Tandem-Light-Lumi\u00e8re-1536x904.png 1536w, https:\/\/www.marko-helmets.com\/blog\/wp-content\/uploads\/2024\/05\/Tandem-Light-Lumi\u00e8re-2048x1206.png 2048w, https:\/\/www.marko-helmets.com\/blog\/wp-content\/uploads\/2024\/05\/Tandem-Light-Lumi\u00e8re-1080x636.png 1080w\" sizes=\"auto, (max-width: 1024px) 100vw, 1024px\" \/><\/figure>\n\n\n\n<p>Le <a href=\"https:\/\/marko-helmets.com\/content\/45-le-casque-tandem-light-marko-helmets-\" target=\"_blank\" rel=\"noreferrer noopener\">Tandem Light<\/a> est compos\u00e9 d\u2019une quadruple ventilation pour faciliter l\u2019a\u00e9ration du casque lors des fortes chaleurs afin \u00e9viter la transpiration. Des caches pour fermer les ventilations sont fournies avec le casque pour garder votre t\u00eate au sec lors des fortes pluies. Il dispose d\u2019une visi\u00e8re d\u00e9montable claire qui peut \u00eatre remplac\u00e9e par une visi\u00e8re fum\u00e9e en suppl\u00e9ment pour plus de confort lors des journ\u00e9es ensoleill\u00e9es.<\/p>\n\n\n\n<p>Le casque Tandem Light garantit une protection efficace de la t\u00eate et tout particuli\u00e8rement la bo\u00eete cr\u00e2nienne lors d&rsquo;une chute puisqu&rsquo;il permet d&rsquo;amortir en douceur le choc. Simple d\u2019utilisation, il vous faudra bien ajuster le casque \u00e0 votre tour de t\u00eate gr\u00e2ce \u00e0 son syst\u00e8me de molette de r\u00e9glage et \u00e0 l&rsquo;aide de sa fermeture r\u00e9glable situ\u00e9e sur la sangle de la jugulaire pour finir il faut choisir la taille du casque adapt\u00e9. <\/p>\n\n\n\n<figure class=\"wp-block-image size-large\"><img loading=\"lazy\" decoding=\"async\" width=\"1024\" height=\"593\" src=\"https:\/\/www.marko-helmets.com\/blog\/wp-content\/uploads\/2024\/05\/Tandem-Light-Marko-Helmets-1024x593.png\" alt=\"\" class=\"wp-image-1452\" srcset=\"https:\/\/www.marko-helmets.com\/blog\/wp-content\/uploads\/2024\/05\/Tandem-Light-Marko-Helmets-1024x593.png 1024w, https:\/\/www.marko-helmets.com\/blog\/wp-content\/uploads\/2024\/05\/Tandem-Light-Marko-Helmets-300x174.png 300w, https:\/\/www.marko-helmets.com\/blog\/wp-content\/uploads\/2024\/05\/Tandem-Light-Marko-Helmets-768x445.png 768w, https:\/\/www.marko-helmets.com\/blog\/wp-content\/uploads\/2024\/05\/Tandem-Light-Marko-Helmets-1536x889.png 1536w, https:\/\/www.marko-helmets.com\/blog\/wp-content\/uploads\/2024\/05\/Tandem-Light-Marko-Helmets-2048x1186.png 2048w, https:\/\/www.marko-helmets.com\/blog\/wp-content\/uploads\/2024\/05\/Tandem-Light-Marko-Helmets-1080x625.png 1080w\" sizes=\"auto, (max-width: 1024px) 100vw, 1024px\" \/><\/figure>\n\n\n\n<p>Le casque Tandem Light poss\u00e8de un design urbain et l\u00e9ger dans sept jolis coloris (Noir Mat,  Cr\u00e8me brillant, Champagne brillant, Bleu Mat, Green brillant, Noir brillant et Cherry brillant), \u00e0 la fois sobre et \u00e9l\u00e9gant pour rouler en ville, sur piste cyclable avec votre v\u00e9lo de ville, de route ou encore votre v\u00e9lo \u00e9lectrique pour vous rendre \u00e0 des rendez-vous ou tout simplement sur le trajet du travail.<\/p>\n\n\n\n<h3 class=\"wp-block-heading\">Casque Tandem Light &#8211; Coloris<\/h3>\n\n\n\n<p>Casque Tandem Light &#8211; Cream<\/p>\n\n\n\n<figure class=\"wp-block-image size-large\"><a href=\"https:\/\/marko-helmets.com\/casque-tandem-light-marko-helmets-p-421-7011.html#\/115-couleur-creme\/171-taille-s_m\" target=\"_blank\" rel=\"noreferrer noopener\"><img loading=\"lazy\" decoding=\"async\" width=\"1024\" height=\"203\" src=\"https:\/\/www.marko-helmets.com\/blog\/wp-content\/uploads\/2024\/05\/Tandem-Light-Cream-1024x203.png\" alt=\"\" class=\"wp-image-1441\" srcset=\"https:\/\/www.marko-helmets.com\/blog\/wp-content\/uploads\/2024\/05\/Tandem-Light-Cream-1024x203.png 1024w, https:\/\/www.marko-helmets.com\/blog\/wp-content\/uploads\/2024\/05\/Tandem-Light-Cream-300x59.png 300w, https:\/\/www.marko-helmets.com\/blog\/wp-content\/uploads\/2024\/05\/Tandem-Light-Cream-768x152.png 768w, https:\/\/www.marko-helmets.com\/blog\/wp-content\/uploads\/2024\/05\/Tandem-Light-Cream-1536x304.png 1536w, https:\/\/www.marko-helmets.com\/blog\/wp-content\/uploads\/2024\/05\/Tandem-Light-Cream-2048x406.png 2048w, https:\/\/www.marko-helmets.com\/blog\/wp-content\/uploads\/2024\/05\/Tandem-Light-Cream-1080x214.png 1080w\" sizes=\"auto, (max-width: 1024px) 100vw, 1024px\" \/><\/a><\/figure>\n\n\n\n<p>Casque Tandem Light &#8211; Green<\/p>\n\n\n\n<figure class=\"wp-block-image size-large\"><a href=\"https:\/\/marko-helmets.com\/casque-tandem-light-marko-helmets-p-421-7013.html#\/171-taille-s_m\/182-couleur-green\" target=\"_blank\" rel=\"noreferrer noopener\"><img loading=\"lazy\" decoding=\"async\" width=\"1024\" height=\"199\" src=\"https:\/\/www.marko-helmets.com\/blog\/wp-content\/uploads\/2024\/05\/Tandem-Light-Green-1024x199.png\" alt=\"\" class=\"wp-image-1442\" srcset=\"https:\/\/www.marko-helmets.com\/blog\/wp-content\/uploads\/2024\/05\/Tandem-Light-Green-1024x199.png 1024w, https:\/\/www.marko-helmets.com\/blog\/wp-content\/uploads\/2024\/05\/Tandem-Light-Green-300x58.png 300w, https:\/\/www.marko-helmets.com\/blog\/wp-content\/uploads\/2024\/05\/Tandem-Light-Green-768x150.png 768w, https:\/\/www.marko-helmets.com\/blog\/wp-content\/uploads\/2024\/05\/Tandem-Light-Green-1536x299.png 1536w, https:\/\/www.marko-helmets.com\/blog\/wp-content\/uploads\/2024\/05\/Tandem-Light-Green-2048x399.png 2048w, https:\/\/www.marko-helmets.com\/blog\/wp-content\/uploads\/2024\/05\/Tandem-Light-Green-1080x210.png 1080w\" sizes=\"auto, (max-width: 1024px) 100vw, 1024px\" \/><\/a><\/figure>\n\n\n\n<p>Casque Tandem Light &#8211; Black<\/p>\n\n\n\n<figure class=\"wp-block-image size-large\"><a href=\"https:\/\/marko-helmets.com\/casque-tandem-light-marko-helmets-p-421-7017.html#\/108-couleur-noir\/171-taille-s_m\" target=\"_blank\" rel=\"noreferrer noopener\"><img loading=\"lazy\" decoding=\"async\" width=\"1024\" height=\"200\" src=\"https:\/\/www.marko-helmets.com\/blog\/wp-content\/uploads\/2024\/05\/Tandem-Light-Black-1024x200.png\" alt=\"\" class=\"wp-image-1444\" srcset=\"https:\/\/www.marko-helmets.com\/blog\/wp-content\/uploads\/2024\/05\/Tandem-Light-Black-1024x200.png 1024w, https:\/\/www.marko-helmets.com\/blog\/wp-content\/uploads\/2024\/05\/Tandem-Light-Black-300x59.png 300w, https:\/\/www.marko-helmets.com\/blog\/wp-content\/uploads\/2024\/05\/Tandem-Light-Black-768x150.png 768w, https:\/\/www.marko-helmets.com\/blog\/wp-content\/uploads\/2024\/05\/Tandem-Light-Black-1536x300.png 1536w, https:\/\/www.marko-helmets.com\/blog\/wp-content\/uploads\/2024\/05\/Tandem-Light-Black-2048x400.png 2048w, https:\/\/www.marko-helmets.com\/blog\/wp-content\/uploads\/2024\/05\/Tandem-Light-Black-1080x211.png 1080w\" sizes=\"auto, (max-width: 1024px) 100vw, 1024px\" \/><\/a><\/figure>\n\n\n\n<p>Casque Tandem Light &#8211; Cherry<\/p>\n\n\n\n<figure class=\"wp-block-image size-large\"><a href=\"https:\/\/marko-helmets.com\/casque-tandem-light-marko-helmets-p-421-7015.html#\/153-couleur-cherry\/171-taille-s_m\" target=\"_blank\" rel=\"noreferrer noopener\"><img loading=\"lazy\" decoding=\"async\" width=\"1024\" height=\"197\" src=\"https:\/\/www.marko-helmets.com\/blog\/wp-content\/uploads\/2024\/05\/Tandem-Light-Cherry-1024x197.png\" alt=\"\" class=\"wp-image-1445\" srcset=\"https:\/\/www.marko-helmets.com\/blog\/wp-content\/uploads\/2024\/05\/Tandem-Light-Cherry-1024x197.png 1024w, https:\/\/www.marko-helmets.com\/blog\/wp-content\/uploads\/2024\/05\/Tandem-Light-Cherry-300x58.png 300w, https:\/\/www.marko-helmets.com\/blog\/wp-content\/uploads\/2024\/05\/Tandem-Light-Cherry-768x147.png 768w, https:\/\/www.marko-helmets.com\/blog\/wp-content\/uploads\/2024\/05\/Tandem-Light-Cherry-1536x295.png 1536w, https:\/\/www.marko-helmets.com\/blog\/wp-content\/uploads\/2024\/05\/Tandem-Light-Cherry-2048x393.png 2048w, https:\/\/www.marko-helmets.com\/blog\/wp-content\/uploads\/2024\/05\/Tandem-Light-Cherry-1080x207.png 1080w\" sizes=\"auto, (max-width: 1024px) 100vw, 1024px\" \/><\/a><\/figure>\n\n\n\n<p>Casque Tandem Light &#8211; Black Mat<\/p>\n\n\n\n<figure class=\"wp-block-image size-large\"><a href=\"https:\/\/marko-helmets.com\/casque-tandem-light-marko-helmets-p-421-7019.html#\/109-couleur-noir_mat\/171-taille-s_m\" target=\"_blank\" rel=\"noreferrer noopener\"><img loading=\"lazy\" decoding=\"async\" width=\"1024\" height=\"193\" src=\"https:\/\/www.marko-helmets.com\/blog\/wp-content\/uploads\/2024\/05\/Tandem-Light-Black-Mat-1024x193.png\" alt=\"\" class=\"wp-image-1446\" srcset=\"https:\/\/www.marko-helmets.com\/blog\/wp-content\/uploads\/2024\/05\/Tandem-Light-Black-Mat-1024x193.png 1024w, https:\/\/www.marko-helmets.com\/blog\/wp-content\/uploads\/2024\/05\/Tandem-Light-Black-Mat-300x57.png 300w, https:\/\/www.marko-helmets.com\/blog\/wp-content\/uploads\/2024\/05\/Tandem-Light-Black-Mat-768x145.png 768w, https:\/\/www.marko-helmets.com\/blog\/wp-content\/uploads\/2024\/05\/Tandem-Light-Black-Mat-1536x290.png 1536w, https:\/\/www.marko-helmets.com\/blog\/wp-content\/uploads\/2024\/05\/Tandem-Light-Black-Mat-2048x386.png 2048w, https:\/\/www.marko-helmets.com\/blog\/wp-content\/uploads\/2024\/05\/Tandem-Light-Black-Mat-1080x204.png 1080w\" sizes=\"auto, (max-width: 1024px) 100vw, 1024px\" \/><\/a><\/figure>\n\n\n\n<p>Casque Tandem Light &#8211; Champagne<\/p>\n\n\n\n<figure class=\"wp-block-image size-large\"><a href=\"https:\/\/marko-helmets.com\/casque-tandem-light-marko-helmets-p-421-7009.html#\/124-couleur-champagne\/171-taille-s_m\" target=\"_blank\" rel=\"noreferrer noopener\"><img loading=\"lazy\" decoding=\"async\" width=\"1024\" height=\"198\" src=\"https:\/\/www.marko-helmets.com\/blog\/wp-content\/uploads\/2024\/05\/Tandem-Light-Champagne-1024x198.png\" alt=\"\" class=\"wp-image-1447\" srcset=\"https:\/\/www.marko-helmets.com\/blog\/wp-content\/uploads\/2024\/05\/Tandem-Light-Champagne-1024x198.png 1024w, https:\/\/www.marko-helmets.com\/blog\/wp-content\/uploads\/2024\/05\/Tandem-Light-Champagne-300x58.png 300w, https:\/\/www.marko-helmets.com\/blog\/wp-content\/uploads\/2024\/05\/Tandem-Light-Champagne-768x148.png 768w, https:\/\/www.marko-helmets.com\/blog\/wp-content\/uploads\/2024\/05\/Tandem-Light-Champagne-1536x297.png 1536w, https:\/\/www.marko-helmets.com\/blog\/wp-content\/uploads\/2024\/05\/Tandem-Light-Champagne-2048x396.png 2048w, https:\/\/www.marko-helmets.com\/blog\/wp-content\/uploads\/2024\/05\/Tandem-Light-Champagne-1080x209.png 1080w\" sizes=\"auto, (max-width: 1024px) 100vw, 1024px\" \/><\/a><\/figure>\n\n\n\n<p>Casque Tandem Light &#8211; Blue Mat<\/p>\n\n\n\n<figure class=\"wp-block-image size-large\"><a href=\"https:\/\/marko-helmets.com\/casque-tandem-light-marko-helmets-p-421-7021.html#\/128-couleur-bleu_mat\/171-taille-s_m\" target=\"_blank\" rel=\"noreferrer noopener\"><img loading=\"lazy\" decoding=\"async\" width=\"1024\" height=\"195\" src=\"https:\/\/www.marko-helmets.com\/blog\/wp-content\/uploads\/2024\/05\/Tandem-Light-Blue-Mat-1024x195.png\" alt=\"\" class=\"wp-image-1448\" srcset=\"https:\/\/www.marko-helmets.com\/blog\/wp-content\/uploads\/2024\/05\/Tandem-Light-Blue-Mat-1024x195.png 1024w, https:\/\/www.marko-helmets.com\/blog\/wp-content\/uploads\/2024\/05\/Tandem-Light-Blue-Mat-300x57.png 300w, https:\/\/www.marko-helmets.com\/blog\/wp-content\/uploads\/2024\/05\/Tandem-Light-Blue-Mat-768x146.png 768w, https:\/\/www.marko-helmets.com\/blog\/wp-content\/uploads\/2024\/05\/Tandem-Light-Blue-Mat-1536x293.png 1536w, https:\/\/www.marko-helmets.com\/blog\/wp-content\/uploads\/2024\/05\/Tandem-Light-Blue-Mat-2048x390.png 2048w, https:\/\/www.marko-helmets.com\/blog\/wp-content\/uploads\/2024\/05\/Tandem-Light-Blue-Mat-1080x206.png 1080w\" sizes=\"auto, (max-width: 1024px) 100vw, 1024px\" \/><\/a><\/figure>\n\n\n\n<h3 class=\"wp-block-heading\">Les accessoires :<\/h3>\n\n\n\n<figure class=\"wp-block-image size-large\"><img loading=\"lazy\" decoding=\"async\" width=\"1024\" height=\"220\" src=\"https:\/\/www.marko-helmets.com\/blog\/wp-content\/uploads\/2024\/05\/casque-v\u00e9lo-tandem-light-marko-helmets-accessoires-1024x220.png\" alt=\"\" class=\"wp-image-1450\" srcset=\"https:\/\/www.marko-helmets.com\/blog\/wp-content\/uploads\/2024\/05\/casque-v\u00e9lo-tandem-light-marko-helmets-accessoires-1024x220.png 1024w, https:\/\/www.marko-helmets.com\/blog\/wp-content\/uploads\/2024\/05\/casque-v\u00e9lo-tandem-light-marko-helmets-accessoires-300x64.png 300w, https:\/\/www.marko-helmets.com\/blog\/wp-content\/uploads\/2024\/05\/casque-v\u00e9lo-tandem-light-marko-helmets-accessoires-768x165.png 768w, https:\/\/www.marko-helmets.com\/blog\/wp-content\/uploads\/2024\/05\/casque-v\u00e9lo-tandem-light-marko-helmets-accessoires.png 1080w\" sizes=\"auto, (max-width: 1024px) 100vw, 1024px\" \/><\/figure>\n\n\n\n<h3 class=\"wp-block-heading\">Les caract\u00e9ristiques techniques du casque : <\/h3>\n\n\n\n<p><strong>Tailles :<\/strong> S\/M et L\/XL<\/p>\n\n\n\n<p><strong>Poids :<\/strong> 650g ( +\/- 50g )<\/p>\n\n\n\n<p><strong>Homologation : <\/strong>CE EN1078.<\/p>\n\n\n\n<ul class=\"wp-block-list\">\n<li>Livr\u00e9 avec une housse de transport<\/li>\n\n\n\n<li> Coque en polycarbonate  <\/li>\n\n\n\n<li> Int\u00e9rieur en EPS <\/li>\n\n\n\n<li> Mousse int\u00e9rieure en tissu respirant, d\u00e9montable et lavable. <\/li>\n\n\n\n<li> Oreillettes amovibles <\/li>\n\n\n\n<li> Molette de serrage r\u00e9glable <\/li>\n\n\n\n<li>Fermeture microm\u00e9trique. <\/li>\n\n\n\n<li>Champ de vision large.<\/li>\n\n\n\n<li>Visi\u00e8re homologu\u00e9e CE EN 166 &#8211; EN 14458<\/li>\n\n\n\n<li>M\u00e9canisme de visi\u00e8re en aluminium.<\/li>\n\n\n\n<li>\u00c9cran incolore anti-rayure fourni avec le casque.<\/li>\n\n\n\n<li>Visi\u00e8re d\u00e9montable<\/li>\n\n\n\n<li>Quadruple ventilation<\/li>\n<\/ul>\n\n\n\n<p><strong>Prix public :<\/strong> 149.95 \u20ac<\/p>\n\n\n\n<div class=\"wp-block-button aligncenter\"><a class=\"wp-block-button__link has-background wp-element-button\" href=\"https:\/\/marko-helmets.com\/content\/45-le-casque-tandem-light-marko-helmets-\" style=\"border-radius:0px;background-color:#c39f76\">Disponible sur marko helmets<\/a><\/div>\n","protected":false},"excerpt":{"rendered":"<p>Le Tandem Light est une nouvelle version du best seller de la marque le casque de v\u00e9lo \u201cTandem\u201d. Ce nouveau casque de v\u00e9lo reprend les codes esth\u00e9tiques du Tandem qui a su se faire une place dans le secteur de la mobilit\u00e9 douce. Le casque v\u00e9lo Tandem Light de Marko Helmets se compose d&rsquo;une coque robuste enveloppante en polycarbonate homologu\u00e9 CE EN1078 et d\u2019un int\u00e9rieur en polystyr\u00e8ne avec des mousses d\u00e9montables et lavable pour plus de confort. Les oreillettes sont amovibles et vous permettent d\u2019avoir chaud lors de la saison hivernale. Le Tandem Light est compos\u00e9 d\u2019une quadruple ventilation pour faciliter l\u2019a\u00e9ration du casque lors des fortes chaleurs afin \u00e9viter la transpiration. Des caches pour fermer les ventilations sont fournies avec le casque pour garder votre t\u00eate au sec lors des fortes pluies. Il dispose d\u2019une visi\u00e8re d\u00e9montable claire qui peut \u00eatre remplac\u00e9e par une visi\u00e8re fum\u00e9e en suppl\u00e9ment pour plus de confort lors des journ\u00e9es ensoleill\u00e9es. Le casque Tandem Light garantit une protection efficace de la t\u00eate et tout particuli\u00e8rement la bo\u00eete cr\u00e2nienne lors d&rsquo;une chute puisqu&rsquo;il permet d&rsquo;amortir en douceur le choc. Simple d\u2019utilisation, il vous faudra bien ajuster le casque \u00e0 votre tour de t\u00eate gr\u00e2ce \u00e0 [&hellip;]<\/p>\n","protected":false},"author":1,"featured_media":0,"parent":0,"menu_order":0,"comment_status":"closed","ping_status":"closed","template":"","meta":{"footnotes":""},"class_list":["post-1440","page","type-page","status-publish","hentry"],"_links":{"self":[{"href":"https:\/\/www.marko-helmets.com\/blog\/wp-json\/wp\/v2\/pages\/1440","targetHints":{"allow":["GET"]}}],"collection":[{"href":"https:\/\/www.marko-helmets.com\/blog\/wp-json\/wp\/v2\/pages"}],"about":[{"href":"https:\/\/www.marko-helmets.com\/blog\/wp-json\/wp\/v2\/types\/page"}],"author":[{"embeddable":true,"href":"https:\/\/www.marko-helmets.com\/blog\/wp-json\/wp\/v2\/users\/1"}],"replies":[{"embeddable":true,"href":"https:\/\/www.marko-helmets.com\/blog\/wp-json\/wp\/v2\/comments?post=1440"}],"version-history":[{"count":3,"href":"https:\/\/www.marko-helmets.com\/blog\/wp-json\/wp\/v2\/pages\/1440\/revisions"}],"predecessor-version":[{"id":1594,"href":"https:\/\/www.marko-helmets.com\/blog\/wp-json\/wp\/v2\/pages\/1440\/revisions\/1594"}],"wp:attachment":[{"href":"https:\/\/www.marko-helmets.com\/blog\/wp-json\/wp\/v2\/media?parent=1440"}],"curies":[{"name":"wp","href":"https:\/\/api.w.org\/{rel}","templated":true}]}}