{"id":1317,"date":"2023-08-24T14:01:48","date_gmt":"2023-08-24T12:01:48","guid":{"rendered":"https:\/\/www.marko-helmets.com\/blog\/?page_id=1317"},"modified":"2023-08-24T14:01:49","modified_gmt":"2023-08-24T12:01:49","slug":"le-casque-m-carbon","status":"publish","type":"page","link":"https:\/\/www.marko-helmets.com\/blog\/accueil\/les-casques-moto\/gamme-grand-tourisme\/le-casque-m-carbon\/","title":{"rendered":"Le casque m-Carbon"},"content":{"rendered":"\n<p>L\u2019avantage du casque sport-tourisme<a href=\"https:\/\/marko-helmets.com\/content\/41-le-casque-m-carbon-de-marko-helmets\" target=\"_blank\" rel=\"noreferrer noopener\" aria-label=\" M-carbon (s\u2019ouvre dans un nouvel onglet)\"> M-carbon<\/a> est sa polyvalence et sa l\u00e9g\u00e8ret\u00e9 pour arpenter les routes. \u00c0 la fois parfait pour aller acheter votre baguette de pain, que pour parcourir des centaines de kilom\u00e8tres sur autoroute, et cela peu importe le type de conduite. Que vous rouliez en custom, en maxi-scooter ou sportive, il vous offrira les propri\u00e9t\u00e9s d\u2019un casque sportif et le confort attendu sur les longs trajets.<\/p>\n\n\n\n<figure class=\"wp-block-image size-large\"><img loading=\"lazy\" decoding=\"async\" width=\"1024\" height=\"632\" src=\"https:\/\/www.marko-helmets.com\/blog\/wp-content\/uploads\/2023\/08\/casque-m-carbon-marko-helmets-1-1024x632.png\" alt=\"\" class=\"wp-image-1319\" srcset=\"https:\/\/www.marko-helmets.com\/blog\/wp-content\/uploads\/2023\/08\/casque-m-carbon-marko-helmets-1-1024x632.png 1024w, https:\/\/www.marko-helmets.com\/blog\/wp-content\/uploads\/2023\/08\/casque-m-carbon-marko-helmets-1-300x185.png 300w, https:\/\/www.marko-helmets.com\/blog\/wp-content\/uploads\/2023\/08\/casque-m-carbon-marko-helmets-1-768x474.png 768w, https:\/\/www.marko-helmets.com\/blog\/wp-content\/uploads\/2023\/08\/casque-m-carbon-marko-helmets-1-1536x948.png 1536w, https:\/\/www.marko-helmets.com\/blog\/wp-content\/uploads\/2023\/08\/casque-m-carbon-marko-helmets-1-1080x667.png 1080w, https:\/\/www.marko-helmets.com\/blog\/wp-content\/uploads\/2023\/08\/casque-m-carbon-marko-helmets-1.png 2000w\" sizes=\"auto, (max-width: 1024px) 100vw, 1024px\" \/><\/figure>\n\n\n\n<p>Si chaque motard et scoot\u00e9riste \u00e0 des exigences particuli\u00e8res en mati\u00e8re de casque, la pratique du touring vous demandera un casque confortable, ventil\u00e9 et a\u00e9rodynamique.&nbsp;&nbsp;Le M-Carbon est pourvu d\u2019une visi\u00e8re solaire int\u00e9gr\u00e9e et rabattable tr\u00e8s facilement d\u2019un seul doigt. Fourni avec un Pinlock, il est \u00e9galement pr\u00e9dispos\u00e9 pour accueillir un syst\u00e8me intercom. L\u2019ensemble de sa calotte pourra \u00eatre retir\u00e9e tr\u00e8s facilement afin d\u2019\u00eatre lav\u00e9e apr\u00e8s un long voyage \u00e0 moto.&nbsp;<\/p>\n\n\n\n<figure class=\"wp-block-image size-large\"><img loading=\"lazy\" decoding=\"async\" width=\"1024\" height=\"675\" src=\"https:\/\/www.marko-helmets.com\/blog\/wp-content\/uploads\/2023\/08\/casque-m-carbon-marko-helmets-noir-1-1024x675.png\" alt=\"\" class=\"wp-image-1321\" srcset=\"https:\/\/www.marko-helmets.com\/blog\/wp-content\/uploads\/2023\/08\/casque-m-carbon-marko-helmets-noir-1-1024x675.png 1024w, https:\/\/www.marko-helmets.com\/blog\/wp-content\/uploads\/2023\/08\/casque-m-carbon-marko-helmets-noir-1-300x198.png 300w, https:\/\/www.marko-helmets.com\/blog\/wp-content\/uploads\/2023\/08\/casque-m-carbon-marko-helmets-noir-1-768x506.png 768w, https:\/\/www.marko-helmets.com\/blog\/wp-content\/uploads\/2023\/08\/casque-m-carbon-marko-helmets-noir-1-1536x1012.png 1536w, https:\/\/www.marko-helmets.com\/blog\/wp-content\/uploads\/2023\/08\/casque-m-carbon-marko-helmets-noir-1-1080x712.png 1080w, https:\/\/www.marko-helmets.com\/blog\/wp-content\/uploads\/2023\/08\/casque-m-carbon-marko-helmets-noir-1.png 2000w\" sizes=\"auto, (max-width: 1024px) 100vw, 1024px\" \/><\/figure>\n\n\n\n<p>Dot\u00e9 d&rsquo;un syst\u00e8me de ventilation performant, il vous offrira le confort indispensable si vous baroudez sous un climat chaud. Ce mod\u00e8le dispose de la nouvelle homologation <strong>ECE 22-06<\/strong><\/p>\n\n\n\n<h2 class=\"wp-block-heading\">Le casque M-Carbon &#8211; coloris<\/h2>\n\n\n\n<p>Casque M-Carbon Marko &#8211; <a href=\"https:\/\/marko-helmets.com\/casque-integral-m-carbon-marko-p-379-6528.html#\/2-taille-m\/110-couleur-carbon\" target=\"_blank\" rel=\"noreferrer noopener\" aria-label=\"Black (s\u2019ouvre dans un nouvel onglet)\">Black<\/a><\/p>\n\n\n\n<figure class=\"wp-block-image size-large\"><img loading=\"lazy\" decoding=\"async\" width=\"1024\" height=\"171\" src=\"https:\/\/www.marko-helmets.com\/blog\/wp-content\/uploads\/2023\/08\/Casque-Dark-Side-Marko-Helmets-Black-1-1024x171.png\" alt=\"\" class=\"wp-image-1322\" srcset=\"https:\/\/www.marko-helmets.com\/blog\/wp-content\/uploads\/2023\/08\/Casque-Dark-Side-Marko-Helmets-Black-1-1024x171.png 1024w, https:\/\/www.marko-helmets.com\/blog\/wp-content\/uploads\/2023\/08\/Casque-Dark-Side-Marko-Helmets-Black-1-300x50.png 300w, https:\/\/www.marko-helmets.com\/blog\/wp-content\/uploads\/2023\/08\/Casque-Dark-Side-Marko-Helmets-Black-1-768x128.png 768w, https:\/\/www.marko-helmets.com\/blog\/wp-content\/uploads\/2023\/08\/Casque-Dark-Side-Marko-Helmets-Black-1-1536x257.png 1536w, https:\/\/www.marko-helmets.com\/blog\/wp-content\/uploads\/2023\/08\/Casque-Dark-Side-Marko-Helmets-Black-1-2048x342.png 2048w, https:\/\/www.marko-helmets.com\/blog\/wp-content\/uploads\/2023\/08\/Casque-Dark-Side-Marko-Helmets-Black-1-1080x180.png 1080w\" sizes=\"auto, (max-width: 1024px) 100vw, 1024px\" \/><\/figure>\n\n\n\n<h2 class=\"wp-block-heading\">Les caract\u00e9ristiques techniques :<\/h2>\n\n\n\n<p><strong>Tailles :<\/strong> XS \u00e0 XXL.&nbsp;<\/p>\n\n\n\n<p><strong>Poids :<\/strong> 1350g ( +\/- 50g )<\/p>\n\n\n\n<p><strong>Homologation :<\/strong> ecer22-06 <\/p>\n\n\n\n<ul class=\"wp-block-list\"><li>Fibre de carbone<\/li><li> Syst\u00e8me de d\u00e9montage rapide des mousses de joues en cas d\u2019urgence<\/li><li>Fermeture de la jugulaire par boucle microm\u00e9trique en acier inoxydable<\/li><li>\u00c9cran incolore trait\u00e9 anti-UV et pr\u00e9dispos\u00e9 Pinlock<\/li><li>\u00c9cran pare-soleil interne fum\u00e9 int\u00e9gr\u00e9, trait\u00e9 anti bu\u00e9e et anti rayure<\/li><li>Champ de vision agrandie offre une visibilit\u00e9 optimale<\/li><li>Syst\u00e8me de remplacement de l\u2019\u00e9cran EASY LOCK<\/li><li>Ventilation sup\u00e9rieure \u00e0 double fonction<\/li><li>Int\u00e9rieur d\u00e9montable et lavable<\/li><li>Pr\u00e9dispos\u00e9 \u00e0 int\u00e9grer le syst\u00e8me de communication<\/li><li>Livr\u00e9 avec une lentille Pinlock 70<\/li><li>Livr\u00e9 avec une housse de transport et des stickers r\u00e9fl\u00e9chissants <\/li><\/ul>\n\n\n\n<p><strong>Prix public :<\/strong> 349 \u20ac<\/p>\n\n\n\n<div class=\"wp-block-button aligncenter\"><a class=\"wp-block-button__link has-background no-border-radius\" style=\"background-color:#c39f76\">Disponible sur Marko Helmets<\/a><\/div>\n","protected":false},"excerpt":{"rendered":"<p>L\u2019avantage du casque sport-tourisme M-carbon est sa polyvalence et sa l\u00e9g\u00e8ret\u00e9 pour arpenter les routes. \u00c0 la fois parfait pour aller acheter votre baguette de pain, que pour parcourir des centaines de kilom\u00e8tres sur autoroute, et cela peu importe le type de conduite. Que vous rouliez en custom, en maxi-scooter ou sportive, il vous offrira les propri\u00e9t\u00e9s d\u2019un casque sportif et le confort attendu sur les longs trajets. Si chaque motard et scoot\u00e9riste \u00e0 des exigences particuli\u00e8res en mati\u00e8re de casque, la pratique du touring vous demandera un casque confortable, ventil\u00e9 et a\u00e9rodynamique.&nbsp;&nbsp;Le M-Carbon est pourvu d\u2019une visi\u00e8re solaire int\u00e9gr\u00e9e et rabattable tr\u00e8s facilement d\u2019un seul doigt. Fourni avec un Pinlock, il est \u00e9galement pr\u00e9dispos\u00e9 pour accueillir un syst\u00e8me intercom. L\u2019ensemble de sa calotte pourra \u00eatre retir\u00e9e tr\u00e8s facilement afin d\u2019\u00eatre lav\u00e9e apr\u00e8s un long voyage \u00e0 moto.&nbsp; Dot\u00e9 d&rsquo;un syst\u00e8me de ventilation performant, il vous offrira le confort indispensable si vous baroudez sous un climat chaud. Ce mod\u00e8le dispose de la nouvelle homologation ECE 22-06 Le casque M-Carbon &#8211; coloris Casque M-Carbon Marko &#8211; Black Les caract\u00e9ristiques techniques : Tailles : XS \u00e0 XXL.&nbsp; Poids : 1350g ( +\/- 50g ) Homologation : ecer22-06 Fibre de carbone Syst\u00e8me de [&hellip;]<\/p>\n","protected":false},"author":1,"featured_media":0,"parent":1005,"menu_order":0,"comment_status":"closed","ping_status":"closed","template":"","meta":{"footnotes":""},"class_list":["post-1317","page","type-page","status-publish","hentry"],"_links":{"self":[{"href":"https:\/\/www.marko-helmets.com\/blog\/wp-json\/wp\/v2\/pages\/1317","targetHints":{"allow":["GET"]}}],"collection":[{"href":"https:\/\/www.marko-helmets.com\/blog\/wp-json\/wp\/v2\/pages"}],"about":[{"href":"https:\/\/www.marko-helmets.com\/blog\/wp-json\/wp\/v2\/types\/page"}],"author":[{"embeddable":true,"href":"https:\/\/www.marko-helmets.com\/blog\/wp-json\/wp\/v2\/users\/1"}],"replies":[{"embeddable":true,"href":"https:\/\/www.marko-helmets.com\/blog\/wp-json\/wp\/v2\/comments?post=1317"}],"version-history":[{"count":2,"href":"https:\/\/www.marko-helmets.com\/blog\/wp-json\/wp\/v2\/pages\/1317\/revisions"}],"predecessor-version":[{"id":1324,"href":"https:\/\/www.marko-helmets.com\/blog\/wp-json\/wp\/v2\/pages\/1317\/revisions\/1324"}],"up":[{"embeddable":true,"href":"https:\/\/www.marko-helmets.com\/blog\/wp-json\/wp\/v2\/pages\/1005"}],"wp:attachment":[{"href":"https:\/\/www.marko-helmets.com\/blog\/wp-json\/wp\/v2\/media?parent=1317"}],"curies":[{"name":"wp","href":"https:\/\/api.w.org\/{rel}","templated":true}]}}